{"id":8020123,"date":"2023-03-21T17:45:22","date_gmt":"2023-03-21T16:45:22","guid":{"rendered":"https:\/\/www.wildix.com\/?post_type=case-studies&#038;p=8020123"},"modified":"2025-12-30T13:47:29","modified_gmt":"2025-12-30T12:47:29","slug":"caritas-verein-vereinheitlicht-kommunikation-und-reduziert-kosten","status":"publish","type":"case-studies","link":"https:\/\/www.wildix.com\/de\/case-studies\/caritas-verein-vereinheitlicht-kommunikation-und-reduziert-kosten\/","title":{"rendered":"Caritas-Verein vereinheitlicht Kommunikation und reduziert\u00a0Kosten"},"content":{"rendered":"\t\t<div data-elementor-type=\"wp-post\" data-elementor-id=\"8020123\" class=\"elementor elementor-8020123\" data-elementor-post-type=\"case-studies\">\n\t\t\t\t\t\t<section class=\"elementor-section elementor-top-section elementor-element elementor-element-28ceb46 elementor-section-boxed elementor-section-height-default elementor-section-height-default\" data-id=\"28ceb46\" data-element_type=\"section\" data-e-type=\"section\" data-settings=\"{&quot;jet_parallax_layout_list&quot;:[]}\">\n\t\t\t\t\t\t<div class=\"elementor-container elementor-column-gap-default\">\n\t\t\t\t\t<div class=\"elementor-column elementor-col-100 elementor-top-column elementor-element elementor-element-1927952\" data-id=\"1927952\" data-element_type=\"column\" data-e-type=\"column\">\n\t\t\t<div class=\"elementor-widget-wrap elementor-element-populated\">\n\t\t\t\t\t\t<div class=\"elementor-element elementor-element-9361374 elementor-widget elementor-widget-heading\" data-id=\"9361374\" data-element_type=\"widget\" data-e-type=\"widget\" data-widget_type=\"heading.default\">\n\t\t\t\t<div class=\"elementor-widget-container\">\n\t\t\t\t\t<h2 class=\"elementor-heading-title elementor-size-default\">Dank des Wildix Systems verschlankt der Caritas-Verein <\/br>die Kommunikation und reduziert die Kosten<\/h2>\t\t\t\t<\/div>\n\t\t\t\t<\/div>\n\t\t\t\t\t<\/div>\n\t\t<\/div>\n\t\t\t\t\t<\/div>\n\t\t<\/section>\n\t\t\t\t<section class=\"elementor-section elementor-top-section elementor-element elementor-element-1801c8a9 elementor-section-boxed elementor-section-height-default elementor-section-height-default\" data-id=\"1801c8a9\" data-element_type=\"section\" data-e-type=\"section\" data-settings=\"{&quot;jet_parallax_layout_list&quot;:[]}\">\n\t\t\t\t\t\t<div class=\"elementor-container elementor-column-gap-default\">\n\t\t\t\t\t<div class=\"elementor-column elementor-col-100 elementor-top-column elementor-element elementor-element-e50cd78\" data-id=\"e50cd78\" data-element_type=\"column\" data-e-type=\"column\">\n\t\t\t<div class=\"elementor-widget-wrap elementor-element-populated\">\n\t\t\t\t\t\t<div class=\"elementor-element elementor-element-6b8d9d6 elementor-widget-divider--view-line elementor-widget elementor-widget-divider\" data-id=\"6b8d9d6\" data-element_type=\"widget\" data-e-type=\"widget\" data-widget_type=\"divider.default\">\n\t\t\t\t<div class=\"elementor-widget-container\">\n\t\t\t\t\t\t\t<div class=\"elementor-divider\">\n\t\t\t<span class=\"elementor-divider-separator\">\n\t\t\t\t\t\t<\/span>\n\t\t<\/div>\n\t\t\t\t\t\t<\/div>\n\t\t\t\t<\/div>\n\t\t\t\t\t<\/div>\n\t\t<\/div>\n\t\t\t\t\t<\/div>\n\t\t<\/section>\n\t\t\t\t<section class=\"elementor-section elementor-top-section elementor-element elementor-element-990c000 elementor-section-boxed elementor-section-height-default elementor-section-height-default\" data-id=\"990c000\" data-element_type=\"section\" data-e-type=\"section\" data-settings=\"{&quot;background_background&quot;:&quot;classic&quot;,&quot;jet_parallax_layout_list&quot;:[]}\">\n\t\t\t\t\t\t<div class=\"elementor-container elementor-column-gap-default\">\n\t\t\t\t\t<div class=\"elementor-column elementor-col-25 elementor-top-column elementor-element elementor-element-b935366\" data-id=\"b935366\" data-element_type=\"column\" data-e-type=\"column\">\n\t\t\t<div class=\"elementor-widget-wrap\">\n\t\t\t\t\t\t\t<\/div>\n\t\t<\/div>\n\t\t\t\t<div class=\"elementor-column elementor-col-25 elementor-top-column elementor-element elementor-element-94753b6\" data-id=\"94753b6\" data-element_type=\"column\" data-e-type=\"column\">\n\t\t\t<div class=\"elementor-widget-wrap elementor-element-populated\">\n\t\t\t\t\t\t<div class=\"elementor-element elementor-element-1c6afe6 elementor-widget elementor-widget-image\" data-id=\"1c6afe6\" data-element_type=\"widget\" data-e-type=\"widget\" data-widget_type=\"image.default\">\n\t\t\t\t<div class=\"elementor-widget-container\">\n\t\t\t\t\t\t\t\t\t\t\t\t\t\t\t<img decoding=\"async\" width=\"200\" height=\"200\" src=\"https:\/\/www.wildix.com\/wp-content\/uploads\/2023\/03\/logo-Caritas-Verein-Altenoythe-Logo.jpg\" class=\"attachment-large size-large wp-image-8021275\" alt=\"Caritas-Verein vereinheitlicht Kommunikation und reduziert Kosten\" srcset=\"https:\/\/www.wildix.com\/wp-content\/uploads\/2023\/03\/logo-Caritas-Verein-Altenoythe-Logo.jpg 200w, https:\/\/www.wildix.com\/wp-content\/uploads\/2023\/03\/logo-Caritas-Verein-Altenoythe-Logo-150x150.jpg 150w\" sizes=\"(max-width: 200px) 100vw, 200px\" \/>\t\t\t\t\t\t\t\t\t\t\t\t\t\t\t<\/div>\n\t\t\t\t<\/div>\n\t\t\t\t\t<\/div>\n\t\t<\/div>\n\t\t\t\t<div class=\"elementor-column elementor-col-25 elementor-top-column elementor-element elementor-element-c32b669\" data-id=\"c32b669\" data-element_type=\"column\" data-e-type=\"column\">\n\t\t\t<div class=\"elementor-widget-wrap elementor-element-populated\">\n\t\t\t\t\t\t<div class=\"elementor-element elementor-element-be0d40c elementor-widget elementor-widget-text-editor\" data-id=\"be0d40c\" data-element_type=\"widget\" data-e-type=\"widget\" data-widget_type=\"text-editor.default\">\n\t\t\t\t<div class=\"elementor-widget-container\">\n\t\t\t\t\t\t\t\t\tDer Caritas-Verein Altenoythe e.V. hat es sich zur Aufgabe gemacht, eine gleichberechtigte Teilhabe aller in der Gesellschaft zu realisieren. Dies umfasst unter anderem eine F\u00f6rderschule und eine Tagesbildungsst\u00e4tte, aber auch die Bereiche Wohnen, hilfsmedizinische Angebote und Arbeiten. Unter dem Motto \u201cEinfach Mensch sein\u201d integriert der Verein rund 2.000 Besch\u00e4ftigte, die teilweise auch von zu Hause abgeholt werden. Der Wirkungskreis des Vereins erstreckt sich auf die 13 Kommunen des Landkreises Cloppenburg.\t\t\t\t\t\t\t\t<\/div>\n\t\t\t\t<\/div>\n\t\t\t\t\t<\/div>\n\t\t<\/div>\n\t\t\t\t<div class=\"elementor-column elementor-col-25 elementor-top-column elementor-element elementor-element-13b5dad\" data-id=\"13b5dad\" data-element_type=\"column\" data-e-type=\"column\">\n\t\t\t<div class=\"elementor-widget-wrap\">\n\t\t\t\t\t\t\t<\/div>\n\t\t<\/div>\n\t\t\t\t\t<\/div>\n\t\t<\/section>\n\t\t\t\t<section class=\"elementor-section elementor-top-section elementor-element elementor-element-e1d5860 elementor-section-boxed elementor-section-height-default elementor-section-height-default\" data-id=\"e1d5860\" data-element_type=\"section\" data-e-type=\"section\" data-settings=\"{&quot;jet_parallax_layout_list&quot;:[]}\">\n\t\t\t\t\t\t<div class=\"elementor-container elementor-column-gap-default\">\n\t\t\t\t\t<div class=\"elementor-column elementor-col-100 elementor-top-column elementor-element elementor-element-c25982c\" data-id=\"c25982c\" data-element_type=\"column\" data-e-type=\"column\">\n\t\t\t<div class=\"elementor-widget-wrap elementor-element-populated\">\n\t\t\t\t\t\t<div class=\"elementor-element elementor-element-a737010 elementor-widget-divider--view-line elementor-widget elementor-widget-divider\" data-id=\"a737010\" data-element_type=\"widget\" data-e-type=\"widget\" data-widget_type=\"divider.default\">\n\t\t\t\t<div class=\"elementor-widget-container\">\n\t\t\t\t\t\t\t<div class=\"elementor-divider\">\n\t\t\t<span class=\"elementor-divider-separator\">\n\t\t\t\t\t\t<\/span>\n\t\t<\/div>\n\t\t\t\t\t\t<\/div>\n\t\t\t\t<\/div>\n\t\t\t\t\t<\/div>\n\t\t<\/div>\n\t\t\t\t\t<\/div>\n\t\t<\/section>\n\t\t\t\t<section class=\"elementor-section elementor-top-section elementor-element elementor-element-695906fb elementor-section-boxed elementor-section-height-default elementor-section-height-default\" data-id=\"695906fb\" data-element_type=\"section\" data-e-type=\"section\" data-settings=\"{&quot;background_background&quot;:&quot;classic&quot;,&quot;jet_parallax_layout_list&quot;:[]}\">\n\t\t\t\t\t\t<div class=\"elementor-container elementor-column-gap-default\">\n\t\t\t\t\t<div class=\"elementor-column elementor-col-16 elementor-top-column elementor-element elementor-element-2d5686af\" data-id=\"2d5686af\" data-element_type=\"column\" data-e-type=\"column\">\n\t\t\t<div class=\"elementor-widget-wrap\">\n\t\t\t\t\t\t\t<\/div>\n\t\t<\/div>\n\t\t\t\t<div class=\"elementor-column elementor-col-66 elementor-top-column elementor-element elementor-element-56c85569\" data-id=\"56c85569\" data-element_type=\"column\" data-e-type=\"column\">\n\t\t\t<div class=\"elementor-widget-wrap elementor-element-populated\">\n\t\t\t\t\t\t<div class=\"elementor-element elementor-element-7091699e elementor-widget elementor-widget-heading\" data-id=\"7091699e\" data-element_type=\"widget\" data-e-type=\"widget\" data-widget_type=\"heading.default\">\n\t\t\t\t<div class=\"elementor-widget-container\">\n\t\t\t\t\t<h2 class=\"elementor-heading-title elementor-size-default\">Gesucht: Standortvernetzung und Integrationsm\u00f6glichkeit<\/h2>\t\t\t\t<\/div>\n\t\t\t\t<\/div>\n\t\t\t\t<div class=\"elementor-element elementor-element-320ed37 elementor-widget elementor-widget-text-editor\" data-id=\"320ed37\" data-element_type=\"widget\" data-e-type=\"widget\" data-widget_type=\"text-editor.default\">\n\t\t\t\t<div class=\"elementor-widget-container\">\n\t\t\t\t\t\t\t\t\tDer Caritas-Verein Altenoythe e.V. ist eine Organisation, die sich f\u00fcr die Eingliederung aller in die Gesellschaft einsetzt. Darunter f\u00e4llt der Bildungsbereich \u2013 angefangen vom Kindergarten, \u00fcber die F\u00f6rderschule bis hin zu Tagesbildungsst\u00e4tten \u2013 und der Bereich \u2018Wohnen und VielfaltLEBEN\u2019. Andreas Wieborg, Vorstand Inhalte und P\u00e4dagogik beim Caritas-Verein Altenoythe e.V., erg\u00e4nzt weiter: \u201cAuch der Bereich \u2018Arbeiten\u2019, wo alle Angebote im Bereich Teilhabe am Arbeitsleben organisiert sind, geh\u00f6rt dazu und hilfsmedizinische Angebote wie Physiotherapie, Logop\u00e4die und Autismusambulanz.\u201d Die Gesch\u00e4ftsstelle befindet sich in Altenoythe, ein Gro\u00dfteil der Leistungen wird aber vor Ort in den 13 Kommunen des Landkreises Cloppenburg erbracht. Da viele dieser Standorte nach und nach dazu gekommen sind, gab es \u00fcberall unterschiedliche Telefonanlagen, die von unterschiedlichen Firmen betreut und nicht zentral gesteuert werden konnten. \t\t\t\t\t\t\t\t<\/div>\n\t\t\t\t<\/div>\n\t\t\t\t<div class=\"elementor-element elementor-element-cfe6275 elementor-widget elementor-widget-text-editor\" data-id=\"cfe6275\" data-element_type=\"widget\" data-e-type=\"widget\" data-widget_type=\"text-editor.default\">\n\t\t\t\t<div class=\"elementor-widget-container\">\n\t\t\t\t\t\t\t\t\t\u201cEs gab auch immer mehr Anforderungen von den Kollegen aus den Einrichtungen: Wir wollen zentrale Rufnummern haben\u201d, erinnert sich Andreas Emken, Abteilungsleiter IT beim Caritas-Verein. Daher machte er sich auf die Suche nach einer VoIP-Anlage, die diese Probleme l\u00f6sen konnte. Neben der Standortvernetzung war unter anderem wichtig, dass sich die Kommunikationsl\u00f6sung in unterschiedliche Systeme integrieren l\u00e4sst. Beispielsweise w\u00fcnschte sich eine Bewohnerin des Wohnheims f\u00fcr Menschen mit Autismus ein Hausnotruf-System des Deutschen Roten Kreuzes. Dieses Notrufsystem arbeitet allerdings mit analogen Signalen, welche nicht direkt von einer VoIP-Anlage verarbeitet werden k\u00f6nnen. Zudem sollte das DECT-System, welches in den Einrichtungen installiert war, beibehalten werden.\t\t\t\t\t\t\t\t<\/div>\n\t\t\t\t<\/div>\n\t\t\t\t<div class=\"elementor-element elementor-element-2b885e1 elementor-widget elementor-widget-text-editor\" data-id=\"2b885e1\" data-element_type=\"widget\" data-e-type=\"widget\" data-widget_type=\"text-editor.default\">\n\t\t\t\t<div class=\"elementor-widget-container\">\n\t\t\t\t\t\t\t\t\t<div class=\"elementor-element elementor-element-7e7484c elementor-widget elementor-widget-text-editor\" data-id=\"7e7484c\" data-element_type=\"widget\" data-widget_type=\"text-editor.default\">\n<div class=\"elementor-widget-container\">\n<div class=\"elementor-text-editor elementor-clearfix\">\n<div class=\"wistia_responsive_padding\" style=\"padding: 56.25% 0 0 0; position: relative;\">\n<div class=\"wistia_responsive_wrapper\" style=\"height: 100%; left: 0; position: absolute; top: 0; width: 100%;\"><iframe class=\"wistia_embed\" title=\"Bistum Dresden-Mei\u00dfen geht mit Wildix den Schritt zu mehr Flexibilit\u00e4t\" src=\"https:\/\/fast.wistia.net\/embed\/iframe\/q9dg8kk3gk?videoFoam=true\" name=\"wistia_embed\" width=\"100%\" height=\"100%\" frameborder=\"0\" scrolling=\"no\" allowfullscreen=\"allowfullscreen\"><\/iframe><\/div>\n<\/div>\n<\/div>\n<\/div>\n<\/div>\t\t\t\t\t\t\t\t<\/div>\n\t\t\t\t<\/div>\n\t\t\t\t<div class=\"elementor-element elementor-element-102aabf elementor-widget elementor-widget-text-editor\" data-id=\"102aabf\" data-element_type=\"widget\" data-e-type=\"widget\" data-widget_type=\"text-editor.default\">\n\t\t\t\t<div class=\"elementor-widget-container\">\n\t\t\t\t\t\t\t\t\tEin weiteres Problem mit der alten Telefonanlage war die Kostenstruktur. Daniel de Buhr, Systemadministrator beim Caritas-Verein Altenoythe e.V., erinnert sich an ein <a href=\"https:\/\/wildix.wistia.com\/medias\/0g7dliu1d7\" rel=\"noopener\" target=\"_blank\">Beispiel<\/a> zu Beginn der Corona-Pandemie, als der Caritas-Verein Stoffmasken n\u00e4hte: \u201cEs gab so einen gro\u00dfen Ansturm von Leuten, die gern Masken haben wollten, dass es telefonisch nicht mehr verarbeitet werden konnten.\u201d Es wurde eine Ansage geschaltet, dass die Bestellung per E-Mail eingereicht werden soll und wenn die Anrufer mit einem Mitarbeiter sprechen wollen, sollten sie die 1 dr\u00fccken. \u201cAllein das zu realisieren, hat mehrere tausend Euro gekostet.\u201d\t\t\t\t\t\t\t\t<\/div>\n\t\t\t\t<\/div>\n\t\t\t\t<div class=\"elementor-element elementor-element-11d12858 elementor-widget elementor-widget-heading\" data-id=\"11d12858\" data-element_type=\"widget\" data-e-type=\"widget\" data-widget_type=\"heading.default\">\n\t\t\t\t<div class=\"elementor-widget-container\">\n\t\t\t\t\t<h3 class=\"elementor-heading-title elementor-size-default\">Gefunden: Ein zentrales Tool f\u00fcr die Anbindung <\/br>aller Funktionen und Standorte<\/h3>\t\t\t\t<\/div>\n\t\t\t\t<\/div>\n\t\t\t\t<div class=\"elementor-element elementor-element-1c76ce40 elementor-widget elementor-widget-text-editor\" data-id=\"1c76ce40\" data-element_type=\"widget\" data-e-type=\"widget\" data-widget_type=\"text-editor.default\">\n\t\t\t\t<div class=\"elementor-widget-container\">\n\t\t\t\t\t\t\t\t\tDer zertifizierte Wildix Partner fm best stellte dem Caritas-Verein das Portfolio von Wildix vor und zeigte die M\u00f6glichkeiten auf, die diese Kommunikationsl\u00f6sung bietet.\t\t\t\t\t\t\t\t<\/div>\n\t\t\t\t<\/div>\n\t\t\t\t<div class=\"elementor-element elementor-element-8d85d46 elementor-widget elementor-widget-text-editor\" data-id=\"8d85d46\" data-element_type=\"widget\" data-e-type=\"widget\" data-widget_type=\"text-editor.default\">\n\t\t\t\t<div class=\"elementor-widget-container\">\n\t\t\t\t\t\t\t\t\t<strong><em><\/em><\/strong>\t\t\t\t\t\t\t\t<\/div>\n\t\t\t\t<\/div>\n\t\t\t\t\t<\/div>\n\t\t<\/div>\n\t\t\t\t<div class=\"elementor-column elementor-col-16 elementor-top-column elementor-element elementor-element-772a79c3\" data-id=\"772a79c3\" data-element_type=\"column\" data-e-type=\"column\">\n\t\t\t<div class=\"elementor-widget-wrap\">\n\t\t\t\t\t\t\t<\/div>\n\t\t<\/div>\n\t\t\t\t\t<\/div>\n\t\t<\/section>\n\t\t\t\t<section class=\"elementor-section elementor-top-section elementor-element elementor-element-bcef829 elementor-section-boxed elementor-section-height-default elementor-section-height-default\" data-id=\"bcef829\" data-element_type=\"section\" data-e-type=\"section\" data-settings=\"{&quot;background_background&quot;:&quot;classic&quot;,&quot;jet_parallax_layout_list&quot;:[]}\">\n\t\t\t\t\t\t<div class=\"elementor-container elementor-column-gap-default\">\n\t\t\t\t\t<div class=\"elementor-column elementor-col-25 elementor-top-column elementor-element elementor-element-4118571\" data-id=\"4118571\" data-element_type=\"column\" data-e-type=\"column\">\n\t\t\t<div class=\"elementor-widget-wrap\">\n\t\t\t\t\t\t\t<\/div>\n\t\t<\/div>\n\t\t\t\t<div class=\"elementor-column elementor-col-25 elementor-top-column elementor-element elementor-element-6c544b2\" data-id=\"6c544b2\" data-element_type=\"column\" data-e-type=\"column\">\n\t\t\t<div class=\"elementor-widget-wrap elementor-element-populated\">\n\t\t\t\t\t\t<div class=\"elementor-element elementor-element-a497091 elementor-widget elementor-widget-image\" data-id=\"a497091\" data-element_type=\"widget\" data-e-type=\"widget\" data-widget_type=\"image.default\">\n\t\t\t\t<div class=\"elementor-widget-container\">\n\t\t\t\t\t\t\t\t\t\t\t\t\t\t\t<img fetchpriority=\"high\" decoding=\"async\" width=\"500\" height=\"500\" src=\"https:\/\/www.wildix.com\/wp-content\/uploads\/2023\/03\/Andreas-Emken.jpg\" class=\"attachment-full size-full wp-image-8020646\" alt=\"Andreas Emken, Abteilungsleiter IT beim Caritas-Verein\" srcset=\"https:\/\/www.wildix.com\/wp-content\/uploads\/2023\/03\/Andreas-Emken.jpg 500w, https:\/\/www.wildix.com\/wp-content\/uploads\/2023\/03\/Andreas-Emken-300x300.jpg 300w, https:\/\/www.wildix.com\/wp-content\/uploads\/2023\/03\/Andreas-Emken-150x150.jpg 150w\" sizes=\"(max-width: 500px) 100vw, 500px\" \/>\t\t\t\t\t\t\t\t\t\t\t\t\t\t\t<\/div>\n\t\t\t\t<\/div>\n\t\t\t\t\t<\/div>\n\t\t<\/div>\n\t\t\t\t<div class=\"elementor-column elementor-col-25 elementor-top-column elementor-element elementor-element-85fafa9\" data-id=\"85fafa9\" data-element_type=\"column\" data-e-type=\"column\">\n\t\t\t<div class=\"elementor-widget-wrap elementor-element-populated\">\n\t\t\t\t\t\t<div class=\"elementor-element elementor-element-731864a elementor-blockquote--skin-border elementor-widget elementor-widget-blockquote\" data-id=\"731864a\" data-element_type=\"widget\" data-e-type=\"widget\" data-widget_type=\"blockquote.default\">\n\t\t\t\t<div class=\"elementor-widget-container\">\n\t\t\t\t\t\t\t<blockquote class=\"elementor-blockquote\">\n\t\t\t<p class=\"elementor-blockquote__content\">\n\t\t\t\t\u201cDavon waren wir sehr, sehr begeistert. Mein Kollege Daniel de Buhr und ich haben uns das vor Ort angeschaut. Als wir wieder auf die Autobahn gefahren sind, mussten wir am n\u00e4chsten Rastplatz erst mal runterfahren und f\u00fcr uns tief durchatmen, denn wir haben gesehen: Das ist Digitalisierung, so wie wir das wollen\u201d, beschreibt Andreas Emken seinen <a href=\"https:\/\/wildix.wistia.com\/medias\/3wxkltb8nd\" target=\"_blank\" rel=\"noopener\">ersten Eindruck<\/a>.\t\t\t<\/p>\n\t\t\t\t\t\t\t<div class=\"e-q-footer\">\n\t\t\t\t\t\t\t\t\t\t\t<cite class=\"elementor-blockquote__author\"> Andreas Emken, Abteilungsleiter IT beim Caritas-Verein<\/cite>\n\t\t\t\t\t\t\t\t\t\t\t\t\t\t<\/div>\n\t\t\t\t\t<\/blockquote>\n\t\t\t\t\t\t<\/div>\n\t\t\t\t<\/div>\n\t\t\t\t\t<\/div>\n\t\t<\/div>\n\t\t\t\t<div class=\"elementor-column elementor-col-25 elementor-top-column elementor-element elementor-element-79e819a\" data-id=\"79e819a\" data-element_type=\"column\" data-e-type=\"column\">\n\t\t\t<div class=\"elementor-widget-wrap\">\n\t\t\t\t\t\t\t<\/div>\n\t\t<\/div>\n\t\t\t\t\t<\/div>\n\t\t<\/section>\n\t\t\t\t<section class=\"elementor-section elementor-top-section elementor-element elementor-element-7968bbd0 elementor-section-boxed elementor-section-height-default elementor-section-height-default\" data-id=\"7968bbd0\" data-element_type=\"section\" data-e-type=\"section\" data-settings=\"{&quot;background_background&quot;:&quot;classic&quot;,&quot;jet_parallax_layout_list&quot;:[]}\">\n\t\t\t\t\t\t<div class=\"elementor-container elementor-column-gap-default\">\n\t\t\t\t\t<div class=\"elementor-column elementor-col-16 elementor-top-column elementor-element elementor-element-627cc918\" data-id=\"627cc918\" data-element_type=\"column\" data-e-type=\"column\">\n\t\t\t<div class=\"elementor-widget-wrap\">\n\t\t\t\t\t\t\t<\/div>\n\t\t<\/div>\n\t\t\t\t<div class=\"elementor-column elementor-col-66 elementor-top-column elementor-element elementor-element-26dfbc67\" data-id=\"26dfbc67\" data-element_type=\"column\" data-e-type=\"column\">\n\t\t\t<div class=\"elementor-widget-wrap elementor-element-populated\">\n\t\t\t\t\t\t<div class=\"elementor-element elementor-element-bb33761 elementor-widget elementor-widget-text-editor\" data-id=\"bb33761\" data-element_type=\"widget\" data-e-type=\"widget\" data-widget_type=\"text-editor.default\">\n\t\t\t\t<div class=\"elementor-widget-container\">\n\t\t\t\t\t\t\t\t\tSeit 2021 nutzt der Caritas-Verein die Kommunikationsl\u00f6sung von Wildix und r\u00fcstet nach und nach mehr Bereiche und Standorte mit dem System aus. Innerhalb von vier Jahren sollen bis zu 500 Teilnehmer integriert werden. Durch die Standortvernetzung mit der Wildix Anlage ist nun eine zentrale Steuerung m\u00f6glich. Gleichzeitig sind die Kollegen unter einer zentralen Telefonnummer erreichbar \u2013 egal von wo aus sie arbeiten.\t\t\t\t\t\t\t\t<\/div>\n\t\t\t\t<\/div>\n\t\t\t\t<div class=\"elementor-element elementor-element-21e9b19 elementor-widget elementor-widget-text-editor\" data-id=\"21e9b19\" data-element_type=\"widget\" data-e-type=\"widget\" data-widget_type=\"text-editor.default\">\n\t\t\t\t<div class=\"elementor-widget-container\">\n\t\t\t\t\t\t\t\t\tIm Zuge der Umstellung der Telefonanlage wurde auch das <a href=\"https:\/\/wildix.wistia.com\/medias\/w6l1lme3c5\" rel=\"noopener\" target=\"_blank\">Durchsagesystem<\/a> im Kindergarten des Caritas-Vereins modernisiert. \u201cDas Problem ist, dass wir oft Ansagen standort\u00fcbergreifend machen m\u00fcssen. Um das zu realisieren, haben wir uns f\u00fcr SIP-Lautsprecher entschieden, die einfach wie ein Telefon in die Telefonanlage eingebunden werden k\u00f6nnen\u201d, erkl\u00e4rt Daniel de Buhr. So kann \u00fcber die Paging-Funktion der Telefonanlage eine Ansage auf alle Lautsprecher realisiert werden.\t\t\t\t\t\t\t\t<\/div>\n\t\t\t\t<\/div>\n\t\t\t\t<div class=\"elementor-element elementor-element-9d0885a elementor-widget elementor-widget-text-editor\" data-id=\"9d0885a\" data-element_type=\"widget\" data-e-type=\"widget\" data-widget_type=\"text-editor.default\">\n\t\t\t\t<div class=\"elementor-widget-container\">\n\t\t\t\t\t\t\t\t\tAuch der gew\u00fcnschte <a href=\"https:\/\/wildix.wistia.com\/medias\/6nbzi4bydp\" rel=\"noopener\" target=\"_blank\">Hausnotruf vom DRK<\/a> im Wohnheim konnte mit dem Wildix-System realisiert werden. Die Bewohnerin tr\u00e4gt ein Armband mit einem Alarmknopf, der bei Bet\u00e4tigung ein Signal an eine Empf\u00e4ngerbox sendet, wodurch automatisch ein Notruf abgesetzt wird. Dieses analoge Signal wird \u00fcber ein FXS04 Media Gateway in ein SIP-Signal umgewandelt und an die Cloud-Anlage von Wildix weitergegeben.\t\t\t\t\t\t\t\t<\/div>\n\t\t\t\t<\/div>\n\t\t\t\t<div class=\"elementor-element elementor-element-934f4ec elementor-widget elementor-widget-text-editor\" data-id=\"934f4ec\" data-element_type=\"widget\" data-e-type=\"widget\" data-widget_type=\"text-editor.default\">\n\t\t\t\t<div class=\"elementor-widget-container\">\n\t\t\t\t\t\t\t\t\tMit fm best hat der Caritasverein zudem den f\u00fcr sie perfekten Partner gefunden. \u201cEs f\u00e4llt nicht jedem leicht, auf Menschen mit Behinderungen zuzugehen und sich auch mal in den Arm nehmen zu lassen\u201d, sagt Andreas Emken. Die Firma fm best kenne jedoch das Klientel und wisse damit umzugehen. Daher sei der Wildix Partner nicht nur aus technischer, sondern auch aus menschlicher Sicht der optimale Ansprechpartner. Daniel de Buhr erg\u00e4nzt dar\u00fcber hinaus: \u201cWenn es Probleme gibt, wo fm best nicht weiterkommt, ist der Wildix Tech Support sofort eingesprungen und hat mitgeholfen. Wir haben teilweise alle zusammen im Video Meeting gesessen und uns ein Problem angeschaut und sowas gibt\u2019s halt nicht viel.\u201d So konnten mit fm best bisher alle Fehler identifiziert und Probleme gel\u00f6st werden.\t\t\t\t\t\t\t\t<\/div>\n\t\t\t\t<\/div>\n\t\t\t\t<div class=\"elementor-element elementor-element-7af35d23 elementor-widget elementor-widget-heading\" data-id=\"7af35d23\" data-element_type=\"widget\" data-e-type=\"widget\" data-widget_type=\"heading.default\">\n\t\t\t\t<div class=\"elementor-widget-container\">\n\t\t\t\t\t<h3 class=\"elementor-heading-title elementor-size-default\">Wildix schafft M\u00f6glichkeiten,<\/br> die vorher unvorstellbar schienen<\/h3>\t\t\t\t<\/div>\n\t\t\t\t<\/div>\n\t\t\t\t<div class=\"elementor-element elementor-element-e678384 elementor-blockquote--skin-border elementor-widget elementor-widget-blockquote\" data-id=\"e678384\" data-element_type=\"widget\" data-e-type=\"widget\" data-widget_type=\"blockquote.default\">\n\t\t\t\t<div class=\"elementor-widget-container\">\n\t\t\t\t\t\t\t<blockquote class=\"elementor-blockquote\">\n\t\t\t<p class=\"elementor-blockquote__content\">\n\t\t\t\t\u201cWir haben aus IT-Sicht mittlerweile auf fast alle technischen Fragen oder Anforderungen, die an uns gestellt werden, eine gute Antwort\u201d, fasst Andreas Emken zusammen.\t\t\t<\/p>\n\t\t\t\t\t<\/blockquote>\n\t\t\t\t\t\t<\/div>\n\t\t\t\t<\/div>\n\t\t\t\t<div class=\"elementor-element elementor-element-8e16142 elementor-widget elementor-widget-text-editor\" data-id=\"8e16142\" data-element_type=\"widget\" data-e-type=\"widget\" data-widget_type=\"text-editor.default\">\n\t\t\t\t<div class=\"elementor-widget-container\">\n\t\t\t\t\t\t\t\t\tDaniel de Buhr bekr\u00e4ftigt: \u201cWir haben mit der Wildix-Anlage inzwischen Sachen umgesetzt, die wir mit unserer alten Anlage einfach nie machen konnten, ohne horrende Lizenzgeb\u00fchren zu zahlen f\u00fcr irgendwelche Ansagen, die man speziell konvertiert hochladen musste oder so einen Bl\u00f6dsinn. Das funktioniert einfach.\u201d\t\t\t\t\t\t\t\t<\/div>\n\t\t\t\t<\/div>\n\t\t\t\t<div class=\"elementor-element elementor-element-7ceb983 elementor-widget elementor-widget-text-editor\" data-id=\"7ceb983\" data-element_type=\"widget\" data-e-type=\"widget\" data-widget_type=\"text-editor.default\">\n\t\t\t\t<div class=\"elementor-widget-container\">\n\t\t\t\t\t\t\t\t\tEine sehr hilfreiche Integration sei beispielsweise die Zeiterfassung. \u201cWenn der Kollege sich morgens einstempelt, wird automatisch ein Signal an die Wildix-Anlage gesendet, dass dieser Kollege jetzt erreichbar ist und der Status springt automatisch auf gr\u00fcn\u201d, erkl\u00e4rt der Systemadministrator. Auch das Ticket-System in der IT-Abteilung konnte mit der Kommunikationsl\u00f6sung von Wildix effizienter gestaltet werden. Rund 60 Anrufe gehen an der Technik-Hotline jeden Tag ein. Diese Anrufe werden \u00fcber die Speech-To-Text-Option direkt an das Ticket-System \u00fcbergeben. \u201cDas hei\u00dft, jemand ruft an, dr\u00fcckt die 1, kann sein Anliegen vortragen und wir bekommen es direkt als E-Mail im Ticket-System\u201d, erkl\u00e4rt Daniel de Buhr. Damit hat die IT-Abteilung mehr Zeit, sich um die L\u00f6sung der Probleme statt nur um die Aufnahme der Anliegen zu k\u00fcmmern.\t\t\t\t\t\t\t\t<\/div>\n\t\t\t\t<\/div>\n\t\t\t\t\t<\/div>\n\t\t<\/div>\n\t\t\t\t<div class=\"elementor-column elementor-col-16 elementor-top-column elementor-element elementor-element-4b3271a8\" data-id=\"4b3271a8\" data-element_type=\"column\" data-e-type=\"column\">\n\t\t\t<div class=\"elementor-widget-wrap\">\n\t\t\t\t\t\t\t<\/div>\n\t\t<\/div>\n\t\t\t\t\t<\/div>\n\t\t<\/section>\n\t\t\t\t<section class=\"elementor-section elementor-top-section elementor-element elementor-element-3269f76 elementor-section-boxed elementor-section-height-default elementor-section-height-default\" data-id=\"3269f76\" data-element_type=\"section\" data-e-type=\"section\" data-settings=\"{&quot;background_background&quot;:&quot;classic&quot;,&quot;jet_parallax_layout_list&quot;:[]}\">\n\t\t\t\t\t\t<div class=\"elementor-container elementor-column-gap-default\">\n\t\t\t\t\t<div class=\"elementor-column elementor-col-25 elementor-top-column elementor-element elementor-element-34ec37c\" data-id=\"34ec37c\" data-element_type=\"column\" data-e-type=\"column\">\n\t\t\t<div class=\"elementor-widget-wrap\">\n\t\t\t\t\t\t\t<\/div>\n\t\t<\/div>\n\t\t\t\t<div class=\"elementor-column elementor-col-25 elementor-top-column elementor-element elementor-element-f30571e\" data-id=\"f30571e\" data-element_type=\"column\" data-e-type=\"column\">\n\t\t\t<div class=\"elementor-widget-wrap elementor-element-populated\">\n\t\t\t\t\t\t<div class=\"elementor-element elementor-element-b276a2e elementor-widget elementor-widget-image\" data-id=\"b276a2e\" data-element_type=\"widget\" data-e-type=\"widget\" data-widget_type=\"image.default\">\n\t\t\t\t<div class=\"elementor-widget-container\">\n\t\t\t\t\t\t\t\t\t\t\t\t\t\t\t<img decoding=\"async\" width=\"500\" height=\"500\" src=\"https:\/\/www.wildix.com\/wp-content\/uploads\/2023\/03\/Daniel-de-Buhr..jpg\" class=\"attachment-full size-full wp-image-8020504\" alt=\"Daniel de Buhr\" srcset=\"https:\/\/www.wildix.com\/wp-content\/uploads\/2023\/03\/Daniel-de-Buhr..jpg 500w, https:\/\/www.wildix.com\/wp-content\/uploads\/2023\/03\/Daniel-de-Buhr.-300x300.jpg 300w, https:\/\/www.wildix.com\/wp-content\/uploads\/2023\/03\/Daniel-de-Buhr.-150x150.jpg 150w\" sizes=\"(max-width: 500px) 100vw, 500px\" \/>\t\t\t\t\t\t\t\t\t\t\t\t\t\t\t<\/div>\n\t\t\t\t<\/div>\n\t\t\t\t\t<\/div>\n\t\t<\/div>\n\t\t\t\t<div class=\"elementor-column elementor-col-25 elementor-top-column elementor-element elementor-element-8e27b79\" data-id=\"8e27b79\" data-element_type=\"column\" data-e-type=\"column\">\n\t\t\t<div class=\"elementor-widget-wrap elementor-element-populated\">\n\t\t\t\t\t\t<div class=\"elementor-element elementor-element-a98e212 elementor-blockquote--skin-border elementor-widget elementor-widget-blockquote\" data-id=\"a98e212\" data-element_type=\"widget\" data-e-type=\"widget\" data-widget_type=\"blockquote.default\">\n\t\t\t\t<div class=\"elementor-widget-container\">\n\t\t\t\t\t\t\t<blockquote class=\"elementor-blockquote\">\n\t\t\t<p class=\"elementor-blockquote__content\">\n\t\t\t\t\"Ich sch\u00e4tze die Wildix besonders daf\u00fcr, dass sie offen ist, dass ich auch fremde Systeme anbinden kann, dass die Administration besonders einfach ist, ein flaches Lizenzmodell vorhanden ist, wo man nicht jedes Mal horrende Summen f\u00fcr Kleinigkeiten bezahlen muss und sie einfach funktioniert\u201d, res\u00fcmiert Daniel de Buhr.\t\t\t<\/p>\n\t\t\t\t\t\t\t<div class=\"e-q-footer\">\n\t\t\t\t\t\t\t\t\t\t\t<cite class=\"elementor-blockquote__author\">Daniel de Buhr,  Systemadministrator Caritas-Verein Altenoythe e.V.<\/cite>\n\t\t\t\t\t\t\t\t\t\t\t\t\t\t<\/div>\n\t\t\t\t\t<\/blockquote>\n\t\t\t\t\t\t<\/div>\n\t\t\t\t<\/div>\n\t\t\t\t\t<\/div>\n\t\t<\/div>\n\t\t\t\t<div class=\"elementor-column elementor-col-25 elementor-top-column elementor-element elementor-element-c95c3dd\" data-id=\"c95c3dd\" data-element_type=\"column\" data-e-type=\"column\">\n\t\t\t<div class=\"elementor-widget-wrap\">\n\t\t\t\t\t\t\t<\/div>\n\t\t<\/div>\n\t\t\t\t\t<\/div>\n\t\t<\/section>\n\t\t\t\t<section class=\"elementor-section elementor-top-section elementor-element elementor-element-68d1461 elementor-section-boxed elementor-section-height-default elementor-section-height-default\" data-id=\"68d1461\" data-element_type=\"section\" data-e-type=\"section\" data-settings=\"{&quot;background_background&quot;:&quot;classic&quot;,&quot;jet_parallax_layout_list&quot;:[]}\">\n\t\t\t\t\t\t<div class=\"elementor-container elementor-column-gap-default\">\n\t\t\t\t\t<div class=\"elementor-column elementor-col-16 elementor-top-column elementor-element elementor-element-e97a870\" data-id=\"e97a870\" data-element_type=\"column\" data-e-type=\"column\">\n\t\t\t<div class=\"elementor-widget-wrap\">\n\t\t\t\t\t\t\t<\/div>\n\t\t<\/div>\n\t\t\t\t<div class=\"elementor-column elementor-col-66 elementor-top-column elementor-element elementor-element-93bbfa2\" data-id=\"93bbfa2\" data-element_type=\"column\" data-e-type=\"column\">\n\t\t\t<div class=\"elementor-widget-wrap elementor-element-populated\">\n\t\t\t\t\t\t<section class=\"elementor-section elementor-inner-section elementor-element elementor-element-cde4aa0 elementor-section-boxed elementor-section-height-default elementor-section-height-default\" data-id=\"cde4aa0\" data-element_type=\"section\" data-e-type=\"section\" data-settings=\"{&quot;jet_parallax_layout_list&quot;:[]}\">\n\t\t\t\t\t\t<div class=\"elementor-container elementor-column-gap-default\">\n\t\t\t\t\t<div class=\"elementor-column elementor-col-50 elementor-inner-column elementor-element elementor-element-f4056b9\" data-id=\"f4056b9\" data-element_type=\"column\" data-e-type=\"column\">\n\t\t\t<div class=\"elementor-widget-wrap elementor-element-populated\">\n\t\t\t\t\t\t<div class=\"elementor-element elementor-element-05dc627 elementor-widget elementor-widget-heading\" data-id=\"05dc627\" data-element_type=\"widget\" data-e-type=\"widget\" data-widget_type=\"heading.default\">\n\t\t\t\t<div class=\"elementor-widget-container\">\n\t\t\t\t\t<h2 class=\"elementor-heading-title elementor-size-default\">Anforderungen<\/h2>\t\t\t\t<\/div>\n\t\t\t\t<\/div>\n\t\t\t\t<div class=\"elementor-element elementor-element-e5fca42 elementor-icon-list--layout-traditional elementor-list-item-link-full_width elementor-widget elementor-widget-icon-list\" data-id=\"e5fca42\" data-element_type=\"widget\" data-e-type=\"widget\" data-widget_type=\"icon-list.default\">\n\t\t\t\t<div class=\"elementor-widget-container\">\n\t\t\t\t\t\t\t<ul class=\"elementor-icon-list-items\">\n\t\t\t\t\t\t\t<li class=\"elementor-icon-list-item\">\n\t\t\t\t\t\t\t\t\t\t\t<span class=\"elementor-icon-list-icon\">\n\t\t\t\t\t\t\t<svg aria-hidden=\"true\" class=\"e-font-icon-svg e-fas-angle-right\" viewBox=\"0 0 256 512\" xmlns=\"http:\/\/www.w3.org\/2000\/svg\"><path d=\"M224.3 273l-136 136c-9.4 9.4-24.6 9.4-33.9 0l-22.6-22.6c-9.4-9.4-9.4-24.6 0-33.9l96.4-96.4-96.4-96.4c-9.4-9.4-9.4-24.6 0-33.9L54.3 103c9.4-9.4 24.6-9.4 33.9 0l136 136c9.5 9.4 9.5 24.6.1 34z\"><\/path><\/svg>\t\t\t\t\t\t<\/span>\n\t\t\t\t\t\t\t\t\t\t<span class=\"elementor-icon-list-text\">Standortvernetzung<\/span>\n\t\t\t\t\t\t\t\t\t<\/li>\n\t\t\t\t\t\t\t\t<li class=\"elementor-icon-list-item\">\n\t\t\t\t\t\t\t\t\t\t\t<span class=\"elementor-icon-list-icon\">\n\t\t\t\t\t\t\t<svg aria-hidden=\"true\" class=\"e-font-icon-svg e-fas-angle-right\" viewBox=\"0 0 256 512\" xmlns=\"http:\/\/www.w3.org\/2000\/svg\"><path d=\"M224.3 273l-136 136c-9.4 9.4-24.6 9.4-33.9 0l-22.6-22.6c-9.4-9.4-9.4-24.6 0-33.9l96.4-96.4-96.4-96.4c-9.4-9.4-9.4-24.6 0-33.9L54.3 103c9.4-9.4 24.6-9.4 33.9 0l136 136c9.5 9.4 9.5 24.6.1 34z\"><\/path><\/svg>\t\t\t\t\t\t<\/span>\n\t\t\t\t\t\t\t\t\t\t<span class=\"elementor-icon-list-text\">Zentrale Rufnummern<\/span>\n\t\t\t\t\t\t\t\t\t<\/li>\n\t\t\t\t\t\t\t\t<li class=\"elementor-icon-list-item\">\n\t\t\t\t\t\t\t\t\t\t\t<span class=\"elementor-icon-list-icon\">\n\t\t\t\t\t\t\t<svg aria-hidden=\"true\" class=\"e-font-icon-svg e-fas-angle-right\" viewBox=\"0 0 256 512\" xmlns=\"http:\/\/www.w3.org\/2000\/svg\"><path d=\"M224.3 273l-136 136c-9.4 9.4-24.6 9.4-33.9 0l-22.6-22.6c-9.4-9.4-9.4-24.6 0-33.9l96.4-96.4-96.4-96.4c-9.4-9.4-9.4-24.6 0-33.9L54.3 103c9.4-9.4 24.6-9.4 33.9 0l136 136c9.5 9.4 9.5 24.6.1 34z\"><\/path><\/svg>\t\t\t\t\t\t<\/span>\n\t\t\t\t\t\t\t\t\t\t<span class=\"elementor-icon-list-text\">Integration bestehender Hardware und Drittsoftware<\/span>\n\t\t\t\t\t\t\t\t\t<\/li>\n\t\t\t\t\t\t<\/ul>\n\t\t\t\t\t\t<\/div>\n\t\t\t\t<\/div>\n\t\t\t\t\t<\/div>\n\t\t<\/div>\n\t\t\t\t<div class=\"elementor-column elementor-col-50 elementor-inner-column elementor-element elementor-element-bed596b\" data-id=\"bed596b\" data-element_type=\"column\" data-e-type=\"column\">\n\t\t\t<div class=\"elementor-widget-wrap elementor-element-populated\">\n\t\t\t\t\t\t<div class=\"elementor-element elementor-element-82d7d3b elementor-widget elementor-widget-heading\" data-id=\"82d7d3b\" data-element_type=\"widget\" data-e-type=\"widget\" data-widget_type=\"heading.default\">\n\t\t\t\t<div class=\"elementor-widget-container\">\n\t\t\t\t\t<h2 class=\"elementor-heading-title elementor-size-default\">Erreichter Mehrwert<\/h2>\t\t\t\t<\/div>\n\t\t\t\t<\/div>\n\t\t\t\t<div class=\"elementor-element elementor-element-4dc106e elementor-icon-list--layout-traditional elementor-list-item-link-full_width elementor-widget elementor-widget-icon-list\" data-id=\"4dc106e\" data-element_type=\"widget\" data-e-type=\"widget\" data-widget_type=\"icon-list.default\">\n\t\t\t\t<div class=\"elementor-widget-container\">\n\t\t\t\t\t\t\t<ul class=\"elementor-icon-list-items\">\n\t\t\t\t\t\t\t<li class=\"elementor-icon-list-item\">\n\t\t\t\t\t\t\t\t\t\t\t<span class=\"elementor-icon-list-icon\">\n\t\t\t\t\t\t\t<svg aria-hidden=\"true\" class=\"e-font-icon-svg e-fas-angle-right\" viewBox=\"0 0 256 512\" xmlns=\"http:\/\/www.w3.org\/2000\/svg\"><path d=\"M224.3 273l-136 136c-9.4 9.4-24.6 9.4-33.9 0l-22.6-22.6c-9.4-9.4-9.4-24.6 0-33.9l96.4-96.4-96.4-96.4c-9.4-9.4-9.4-24.6 0-33.9L54.3 103c9.4-9.4 24.6-9.4 33.9 0l136 136c9.5 9.4 9.5 24.6.1 34z\"><\/path><\/svg>\t\t\t\t\t\t<\/span>\n\t\t\t\t\t\t\t\t\t\t<span class=\"elementor-icon-list-text\">Erreichbarkeit unter einer Rufnummer<\/span>\n\t\t\t\t\t\t\t\t\t<\/li>\n\t\t\t\t\t\t\t\t<li class=\"elementor-icon-list-item\">\n\t\t\t\t\t\t\t\t\t\t\t<span class=\"elementor-icon-list-icon\">\n\t\t\t\t\t\t\t<svg aria-hidden=\"true\" class=\"e-font-icon-svg e-fas-angle-right\" viewBox=\"0 0 256 512\" xmlns=\"http:\/\/www.w3.org\/2000\/svg\"><path d=\"M224.3 273l-136 136c-9.4 9.4-24.6 9.4-33.9 0l-22.6-22.6c-9.4-9.4-9.4-24.6 0-33.9l96.4-96.4-96.4-96.4c-9.4-9.4-9.4-24.6 0-33.9L54.3 103c9.4-9.4 24.6-9.4 33.9 0l136 136c9.5 9.4 9.5 24.6.1 34z\"><\/path><\/svg>\t\t\t\t\t\t<\/span>\n\t\t\t\t\t\t\t\t\t\t<span class=\"elementor-icon-list-text\">Effizienzsteigerung des IT-Ticketsystems<\/span>\n\t\t\t\t\t\t\t\t\t<\/li>\n\t\t\t\t\t\t\t\t<li class=\"elementor-icon-list-item\">\n\t\t\t\t\t\t\t\t\t\t\t<span class=\"elementor-icon-list-icon\">\n\t\t\t\t\t\t\t<svg aria-hidden=\"true\" class=\"e-font-icon-svg e-fas-angle-right\" viewBox=\"0 0 256 512\" xmlns=\"http:\/\/www.w3.org\/2000\/svg\"><path d=\"M224.3 273l-136 136c-9.4 9.4-24.6 9.4-33.9 0l-22.6-22.6c-9.4-9.4-9.4-24.6 0-33.9l96.4-96.4-96.4-96.4c-9.4-9.4-9.4-24.6 0-33.9L54.3 103c9.4-9.4 24.6-9.4 33.9 0l136 136c9.5 9.4 9.5 24.6.1 34z\"><\/path><\/svg>\t\t\t\t\t\t<\/span>\n\t\t\t\t\t\t\t\t\t\t<span class=\"elementor-icon-list-text\">Integration von Hausnotruf und Zeiterfassung<\/span>\n\t\t\t\t\t\t\t\t\t<\/li>\n\t\t\t\t\t\t\t\t<li class=\"elementor-icon-list-item\">\n\t\t\t\t\t\t\t\t\t\t\t<span class=\"elementor-icon-list-icon\">\n\t\t\t\t\t\t\t<svg aria-hidden=\"true\" class=\"e-font-icon-svg e-fas-angle-right\" viewBox=\"0 0 256 512\" xmlns=\"http:\/\/www.w3.org\/2000\/svg\"><path d=\"M224.3 273l-136 136c-9.4 9.4-24.6 9.4-33.9 0l-22.6-22.6c-9.4-9.4-9.4-24.6 0-33.9l96.4-96.4-96.4-96.4c-9.4-9.4-9.4-24.6 0-33.9L54.3 103c9.4-9.4 24.6-9.4 33.9 0l136 136c9.5 9.4 9.5 24.6.1 34z\"><\/path><\/svg>\t\t\t\t\t\t<\/span>\n\t\t\t\t\t\t\t\t\t\t<span class=\"elementor-icon-list-text\">Realisierung zentraler Durchsagen<\/span>\n\t\t\t\t\t\t\t\t\t<\/li>\n\t\t\t\t\t\t\t\t<li class=\"elementor-icon-list-item\">\n\t\t\t\t\t\t\t\t\t\t\t<span class=\"elementor-icon-list-icon\">\n\t\t\t\t\t\t\t<svg aria-hidden=\"true\" class=\"e-font-icon-svg e-fas-angle-right\" viewBox=\"0 0 256 512\" xmlns=\"http:\/\/www.w3.org\/2000\/svg\"><path d=\"M224.3 273l-136 136c-9.4 9.4-24.6 9.4-33.9 0l-22.6-22.6c-9.4-9.4-9.4-24.6 0-33.9l96.4-96.4-96.4-96.4c-9.4-9.4-9.4-24.6 0-33.9L54.3 103c9.4-9.4 24.6-9.4 33.9 0l136 136c9.5 9.4 9.5 24.6.1 34z\"><\/path><\/svg>\t\t\t\t\t\t<\/span>\n\t\t\t\t\t\t\t\t\t\t<span class=\"elementor-icon-list-text\">M\u00f6glichkeit zur Schritt-f\u00fcr-Schritt Erweiterung<\/span>\n\t\t\t\t\t\t\t\t\t<\/li>\n\t\t\t\t\t\t\t\t<li class=\"elementor-icon-list-item\">\n\t\t\t\t\t\t\t\t\t\t\t<span class=\"elementor-icon-list-icon\">\n\t\t\t\t\t\t\t<svg aria-hidden=\"true\" class=\"e-font-icon-svg e-fas-angle-right\" viewBox=\"0 0 256 512\" xmlns=\"http:\/\/www.w3.org\/2000\/svg\"><path d=\"M224.3 273l-136 136c-9.4 9.4-24.6 9.4-33.9 0l-22.6-22.6c-9.4-9.4-9.4-24.6 0-33.9l96.4-96.4-96.4-96.4c-9.4-9.4-9.4-24.6 0-33.9L54.3 103c9.4-9.4 24.6-9.4 33.9 0l136 136c9.5 9.4 9.5 24.6.1 34z\"><\/path><\/svg>\t\t\t\t\t\t<\/span>\n\t\t\t\t\t\t\t\t\t\t<span class=\"elementor-icon-list-text\">Kostenreduktion<\/span>\n\t\t\t\t\t\t\t\t\t<\/li>\n\t\t\t\t\t\t\t\t<li class=\"elementor-icon-list-item\">\n\t\t\t\t\t\t\t\t\t\t\t<span class=\"elementor-icon-list-icon\">\n\t\t\t\t\t\t\t<svg aria-hidden=\"true\" class=\"e-font-icon-svg e-fas-angle-right\" viewBox=\"0 0 256 512\" xmlns=\"http:\/\/www.w3.org\/2000\/svg\"><path d=\"M224.3 273l-136 136c-9.4 9.4-24.6 9.4-33.9 0l-22.6-22.6c-9.4-9.4-9.4-24.6 0-33.9l96.4-96.4-96.4-96.4c-9.4-9.4-9.4-24.6 0-33.9L54.3 103c9.4-9.4 24.6-9.4 33.9 0l136 136c9.5 9.4 9.5 24.6.1 34z\"><\/path><\/svg>\t\t\t\t\t\t<\/span>\n\t\t\t\t\t\t\t\t\t\t<span class=\"elementor-icon-list-text\">Einfache und individuelle Administrierbarkeit<\/span>\n\t\t\t\t\t\t\t\t\t<\/li>\n\t\t\t\t\t\t<\/ul>\n\t\t\t\t\t\t<\/div>\n\t\t\t\t<\/div>\n\t\t\t\t\t<\/div>\n\t\t<\/div>\n\t\t\t\t\t<\/div>\n\t\t<\/section>\n\t\t\t\t\t<\/div>\n\t\t<\/div>\n\t\t\t\t<div class=\"elementor-column elementor-col-16 elementor-top-column elementor-element elementor-element-67f0f15\" data-id=\"67f0f15\" data-element_type=\"column\" data-e-type=\"column\">\n\t\t\t<div class=\"elementor-widget-wrap\">\n\t\t\t\t\t\t\t<\/div>\n\t\t<\/div>\n\t\t\t\t\t<\/div>\n\t\t<\/section>\n\t\t\t\t<section class=\"elementor-section elementor-top-section elementor-element elementor-element-37b4ae92 elementor-section-boxed elementor-section-height-default elementor-section-height-default\" data-id=\"37b4ae92\" data-element_type=\"section\" data-e-type=\"section\" data-settings=\"{&quot;jet_parallax_layout_list&quot;:[]}\">\n\t\t\t\t\t\t<div class=\"elementor-container elementor-column-gap-default\">\n\t\t\t\t\t<div class=\"elementor-column elementor-col-100 elementor-top-column elementor-element elementor-element-5eee40ac\" data-id=\"5eee40ac\" data-element_type=\"column\" data-e-type=\"column\">\n\t\t\t<div class=\"elementor-widget-wrap elementor-element-populated\">\n\t\t\t\t\t\t<div class=\"elementor-element elementor-element-19800741 gallery-spacing-custom elementor-widget elementor-widget-image-gallery\" data-id=\"19800741\" data-element_type=\"widget\" data-e-type=\"widget\" data-widget_type=\"image-gallery.default\">\n\t\t\t\t<div class=\"elementor-widget-container\">\n\t\t\t\t\t\t\t<div class=\"elementor-image-gallery\">\n\t\t\t<div id='gallery-1' class='gallery galleryid-8020123 gallery-columns-4 gallery-size-large'><figure class='gallery-item'>\n\t\t\t<div class='gallery-icon landscape'>\n\t\t\t\t<a data-elementor-open-lightbox=\"yes\" data-elementor-lightbox-slideshow=\"19800741\" data-elementor-lightbox-title=\"caritas-verein-vereinheitlicht-kommunikation-und-reduziert-kosten-Caritas-Altenoythe\" data-e-action-hash=\"#elementor-action%3Aaction%3Dlightbox%26settings%3DeyJpZCI6ODAyMDE2MywidXJsIjoiaHR0cHM6XC9cL3d3dy53aWxkaXguY29tXC93cC1jb250ZW50XC91cGxvYWRzXC8yMDIzXC8wM1wvY2FyaXRhcy12ZXJlaW4tdmVyZWluaGVpdGxpY2h0LWtvbW11bmlrYXRpb24tdW5kLXJlZHV6aWVydC1rb3N0ZW4tQ2FyaXRhcy1BbHRlbm95dGhlLmpwZyIsInNsaWRlc2hvdyI6IjE5ODAwNzQxIn0%3D\" href='https:\/\/www.wildix.com\/wp-content\/uploads\/2023\/03\/caritas-verein-vereinheitlicht-kommunikation-und-reduziert-kosten-Caritas-Altenoythe.jpg'><img loading=\"lazy\" width=\"1024\" height=\"576\" src=\"https:\/\/www.wildix.com\/wp-content\/uploads\/2023\/03\/caritas-verein-vereinheitlicht-kommunikation-und-reduziert-kosten-Caritas-Altenoythe-1024x576.jpg\" class=\"attachment-large size-large\" alt=\"Caritas-Verein vereinheitlicht Kommunikation und reduziert Kosten\" decoding=\"async\" srcset=\"https:\/\/www.wildix.com\/wp-content\/uploads\/2023\/03\/caritas-verein-vereinheitlicht-kommunikation-und-reduziert-kosten-Caritas-Altenoythe-1024x576.jpg 1024w, https:\/\/www.wildix.com\/wp-content\/uploads\/2023\/03\/caritas-verein-vereinheitlicht-kommunikation-und-reduziert-kosten-Caritas-Altenoythe-300x169.jpg 300w, https:\/\/www.wildix.com\/wp-content\/uploads\/2023\/03\/caritas-verein-vereinheitlicht-kommunikation-und-reduziert-kosten-Caritas-Altenoythe-768x432.jpg 768w, https:\/\/www.wildix.com\/wp-content\/uploads\/2023\/03\/caritas-verein-vereinheitlicht-kommunikation-und-reduziert-kosten-Caritas-Altenoythe-1536x864.jpg 1536w, https:\/\/www.wildix.com\/wp-content\/uploads\/2023\/03\/caritas-verein-vereinheitlicht-kommunikation-und-reduziert-kosten-Caritas-Altenoythe.jpg 1920w\" sizes=\"(max-width: 1024px) 100vw, 1024px\" \/><\/a>\n\t\t\t<\/div><\/figure><figure class='gallery-item'>\n\t\t\t<div class='gallery-icon landscape'>\n\t\t\t\t<a data-elementor-open-lightbox=\"yes\" data-elementor-lightbox-slideshow=\"19800741\" data-elementor-lightbox-title=\"caritas-verein-vereinheitlicht-kommunikation-und-reduziert-kosten-Danielde-Buhr\" data-e-action-hash=\"#elementor-action%3Aaction%3Dlightbox%26settings%3DeyJpZCI6ODAyMDE3NywidXJsIjoiaHR0cHM6XC9cL3d3dy53aWxkaXguY29tXC93cC1jb250ZW50XC91cGxvYWRzXC8yMDIzXC8wM1wvY2FyaXRhcy12ZXJlaW4tdmVyZWluaGVpdGxpY2h0LWtvbW11bmlrYXRpb24tdW5kLXJlZHV6aWVydC1rb3N0ZW4tRGFuaWVsZGUtQnVoci5qcGciLCJzbGlkZXNob3ciOiIxOTgwMDc0MSJ9\" href='https:\/\/www.wildix.com\/wp-content\/uploads\/2023\/03\/caritas-verein-vereinheitlicht-kommunikation-und-reduziert-kosten-Danielde-Buhr.jpg'><img loading=\"lazy\" width=\"1024\" height=\"576\" src=\"https:\/\/www.wildix.com\/wp-content\/uploads\/2023\/03\/caritas-verein-vereinheitlicht-kommunikation-und-reduziert-kosten-Danielde-Buhr-1024x576.jpg\" class=\"attachment-large size-large\" alt=\"Caritas-Verein vereinheitlicht Kommunikation und reduziert Kosten\" decoding=\"async\" srcset=\"https:\/\/www.wildix.com\/wp-content\/uploads\/2023\/03\/caritas-verein-vereinheitlicht-kommunikation-und-reduziert-kosten-Danielde-Buhr-1024x576.jpg 1024w, https:\/\/www.wildix.com\/wp-content\/uploads\/2023\/03\/caritas-verein-vereinheitlicht-kommunikation-und-reduziert-kosten-Danielde-Buhr-300x169.jpg 300w, https:\/\/www.wildix.com\/wp-content\/uploads\/2023\/03\/caritas-verein-vereinheitlicht-kommunikation-und-reduziert-kosten-Danielde-Buhr-768x432.jpg 768w, https:\/\/www.wildix.com\/wp-content\/uploads\/2023\/03\/caritas-verein-vereinheitlicht-kommunikation-und-reduziert-kosten-Danielde-Buhr-1536x864.jpg 1536w, https:\/\/www.wildix.com\/wp-content\/uploads\/2023\/03\/caritas-verein-vereinheitlicht-kommunikation-und-reduziert-kosten-Danielde-Buhr.jpg 1920w\" sizes=\"(max-width: 1024px) 100vw, 1024px\" \/><\/a>\n\t\t\t<\/div><\/figure><figure class='gallery-item'>\n\t\t\t<div class='gallery-icon landscape'>\n\t\t\t\t<a data-elementor-open-lightbox=\"yes\" data-elementor-lightbox-slideshow=\"19800741\" data-elementor-lightbox-title=\"caritas-verein-vereinheitlicht-kommunikation-und-reduziert-kosten-1\" data-e-action-hash=\"#elementor-action%3Aaction%3Dlightbox%26settings%3DeyJpZCI6ODAyMDIwNSwidXJsIjoiaHR0cHM6XC9cL3d3dy53aWxkaXguY29tXC93cC1jb250ZW50XC91cGxvYWRzXC8yMDIzXC8wM1wvY2FyaXRhcy12ZXJlaW4tdmVyZWluaGVpdGxpY2h0LWtvbW11bmlrYXRpb24tdW5kLXJlZHV6aWVydC1rb3N0ZW4tMS5qcGciLCJzbGlkZXNob3ciOiIxOTgwMDc0MSJ9\" href='https:\/\/www.wildix.com\/wp-content\/uploads\/2023\/03\/caritas-verein-vereinheitlicht-kommunikation-und-reduziert-kosten-1.jpg'><img loading=\"lazy\" width=\"1024\" height=\"576\" src=\"https:\/\/www.wildix.com\/wp-content\/uploads\/2023\/03\/caritas-verein-vereinheitlicht-kommunikation-und-reduziert-kosten-1-1024x576.jpg\" class=\"attachment-large size-large\" alt=\"Caritas-Verein vereinheitlicht Kommunikation und reduziert Kosten\" decoding=\"async\" srcset=\"https:\/\/www.wildix.com\/wp-content\/uploads\/2023\/03\/caritas-verein-vereinheitlicht-kommunikation-und-reduziert-kosten-1-1024x576.jpg 1024w, https:\/\/www.wildix.com\/wp-content\/uploads\/2023\/03\/caritas-verein-vereinheitlicht-kommunikation-und-reduziert-kosten-1-300x169.jpg 300w, https:\/\/www.wildix.com\/wp-content\/uploads\/2023\/03\/caritas-verein-vereinheitlicht-kommunikation-und-reduziert-kosten-1-768x432.jpg 768w, https:\/\/www.wildix.com\/wp-content\/uploads\/2023\/03\/caritas-verein-vereinheitlicht-kommunikation-und-reduziert-kosten-1-1536x864.jpg 1536w, https:\/\/www.wildix.com\/wp-content\/uploads\/2023\/03\/caritas-verein-vereinheitlicht-kommunikation-und-reduziert-kosten-1.jpg 1920w\" sizes=\"(max-width: 1024px) 100vw, 1024px\" \/><\/a>\n\t\t\t<\/div><\/figure><figure class='gallery-item'>\n\t\t\t<div class='gallery-icon landscape'>\n\t\t\t\t<a data-elementor-open-lightbox=\"yes\" data-elementor-lightbox-slideshow=\"19800741\" data-elementor-lightbox-title=\"caritas-verein-vereinheitlicht-kommunikation-und-reduziert-kosten-2\" data-e-action-hash=\"#elementor-action%3Aaction%3Dlightbox%26settings%3DeyJpZCI6ODAyMDE1NiwidXJsIjoiaHR0cHM6XC9cL3d3dy53aWxkaXguY29tXC93cC1jb250ZW50XC91cGxvYWRzXC8yMDIzXC8wM1wvY2FyaXRhcy12ZXJlaW4tdmVyZWluaGVpdGxpY2h0LWtvbW11bmlrYXRpb24tdW5kLXJlZHV6aWVydC1rb3N0ZW4tMi5qcGciLCJzbGlkZXNob3ciOiIxOTgwMDc0MSJ9\" href='https:\/\/www.wildix.com\/wp-content\/uploads\/2023\/03\/caritas-verein-vereinheitlicht-kommunikation-und-reduziert-kosten-2.jpg'><img loading=\"lazy\" width=\"1024\" height=\"576\" src=\"https:\/\/www.wildix.com\/wp-content\/uploads\/2023\/03\/caritas-verein-vereinheitlicht-kommunikation-und-reduziert-kosten-2-1024x576.jpg\" class=\"attachment-large size-large\" alt=\"Caritas-Verein vereinheitlicht Kommunikation und reduziert Kosten\" decoding=\"async\" srcset=\"https:\/\/www.wildix.com\/wp-content\/uploads\/2023\/03\/caritas-verein-vereinheitlicht-kommunikation-und-reduziert-kosten-2-1024x576.jpg 1024w, https:\/\/www.wildix.com\/wp-content\/uploads\/2023\/03\/caritas-verein-vereinheitlicht-kommunikation-und-reduziert-kosten-2-300x169.jpg 300w, https:\/\/www.wildix.com\/wp-content\/uploads\/2023\/03\/caritas-verein-vereinheitlicht-kommunikation-und-reduziert-kosten-2-768x432.jpg 768w, https:\/\/www.wildix.com\/wp-content\/uploads\/2023\/03\/caritas-verein-vereinheitlicht-kommunikation-und-reduziert-kosten-2-1536x864.jpg 1536w, https:\/\/www.wildix.com\/wp-content\/uploads\/2023\/03\/caritas-verein-vereinheitlicht-kommunikation-und-reduziert-kosten-2.jpg 1920w\" sizes=\"(max-width: 1024px) 100vw, 1024px\" \/><\/a>\n\t\t\t<\/div><\/figure><figure class='gallery-item'>\n\t\t\t<div class='gallery-icon landscape'>\n\t\t\t\t<a data-elementor-open-lightbox=\"yes\" data-elementor-lightbox-slideshow=\"19800741\" data-elementor-lightbox-title=\"caritas-verein-vereinheitlicht-kommunikation-und-reduziert-kosten-Caritas-Werkstatt\" data-e-action-hash=\"#elementor-action%3Aaction%3Dlightbox%26settings%3DeyJpZCI6ODAyMDE3MCwidXJsIjoiaHR0cHM6XC9cL3d3dy53aWxkaXguY29tXC93cC1jb250ZW50XC91cGxvYWRzXC8yMDIzXC8wM1wvY2FyaXRhcy12ZXJlaW4tdmVyZWluaGVpdGxpY2h0LWtvbW11bmlrYXRpb24tdW5kLXJlZHV6aWVydC1rb3N0ZW4tQ2FyaXRhcy1XZXJrc3RhdHQuanBnIiwic2xpZGVzaG93IjoiMTk4MDA3NDEifQ%3D%3D\" href='https:\/\/www.wildix.com\/wp-content\/uploads\/2023\/03\/caritas-verein-vereinheitlicht-kommunikation-und-reduziert-kosten-Caritas-Werkstatt.jpg'><img loading=\"lazy\" width=\"1024\" height=\"576\" src=\"https:\/\/www.wildix.com\/wp-content\/uploads\/2023\/03\/caritas-verein-vereinheitlicht-kommunikation-und-reduziert-kosten-Caritas-Werkstatt-1024x576.jpg\" class=\"attachment-large size-large\" alt=\"Caritas-Verein vereinheitlicht Kommunikation und reduziert Kosten\" decoding=\"async\" srcset=\"https:\/\/www.wildix.com\/wp-content\/uploads\/2023\/03\/caritas-verein-vereinheitlicht-kommunikation-und-reduziert-kosten-Caritas-Werkstatt-1024x576.jpg 1024w, https:\/\/www.wildix.com\/wp-content\/uploads\/2023\/03\/caritas-verein-vereinheitlicht-kommunikation-und-reduziert-kosten-Caritas-Werkstatt-300x169.jpg 300w, https:\/\/www.wildix.com\/wp-content\/uploads\/2023\/03\/caritas-verein-vereinheitlicht-kommunikation-und-reduziert-kosten-Caritas-Werkstatt-768x432.jpg 768w, https:\/\/www.wildix.com\/wp-content\/uploads\/2023\/03\/caritas-verein-vereinheitlicht-kommunikation-und-reduziert-kosten-Caritas-Werkstatt-1536x864.jpg 1536w, https:\/\/www.wildix.com\/wp-content\/uploads\/2023\/03\/caritas-verein-vereinheitlicht-kommunikation-und-reduziert-kosten-Caritas-Werkstatt.jpg 1920w\" sizes=\"(max-width: 1024px) 100vw, 1024px\" \/><\/a>\n\t\t\t<\/div><\/figure><figure class='gallery-item'>\n\t\t\t<div class='gallery-icon landscape'>\n\t\t\t\t<a data-elementor-open-lightbox=\"yes\" data-elementor-lightbox-slideshow=\"19800741\" data-elementor-lightbox-title=\"caritas-verein-vereinheitlicht-kommunikation-und-reduziert-kosten-Hausnotruf\" data-e-action-hash=\"#elementor-action%3Aaction%3Dlightbox%26settings%3DeyJpZCI6ODAyMDE4NCwidXJsIjoiaHR0cHM6XC9cL3d3dy53aWxkaXguY29tXC93cC1jb250ZW50XC91cGxvYWRzXC8yMDIzXC8wM1wvY2FyaXRhcy12ZXJlaW4tdmVyZWluaGVpdGxpY2h0LWtvbW11bmlrYXRpb24tdW5kLXJlZHV6aWVydC1rb3N0ZW4tSGF1c25vdHJ1Zi5qcGciLCJzbGlkZXNob3ciOiIxOTgwMDc0MSJ9\" href='https:\/\/www.wildix.com\/wp-content\/uploads\/2023\/03\/caritas-verein-vereinheitlicht-kommunikation-und-reduziert-kosten-Hausnotruf.jpg'><img loading=\"lazy\" width=\"1024\" height=\"576\" src=\"https:\/\/www.wildix.com\/wp-content\/uploads\/2023\/03\/caritas-verein-vereinheitlicht-kommunikation-und-reduziert-kosten-Hausnotruf-1024x576.jpg\" class=\"attachment-large size-large\" alt=\"Caritas-Verein vereinheitlicht Kommunikation und reduziert Kosten\" decoding=\"async\" srcset=\"https:\/\/www.wildix.com\/wp-content\/uploads\/2023\/03\/caritas-verein-vereinheitlicht-kommunikation-und-reduziert-kosten-Hausnotruf-1024x576.jpg 1024w, https:\/\/www.wildix.com\/wp-content\/uploads\/2023\/03\/caritas-verein-vereinheitlicht-kommunikation-und-reduziert-kosten-Hausnotruf-300x169.jpg 300w, https:\/\/www.wildix.com\/wp-content\/uploads\/2023\/03\/caritas-verein-vereinheitlicht-kommunikation-und-reduziert-kosten-Hausnotruf-768x432.jpg 768w, https:\/\/www.wildix.com\/wp-content\/uploads\/2023\/03\/caritas-verein-vereinheitlicht-kommunikation-und-reduziert-kosten-Hausnotruf-1536x864.jpg 1536w, https:\/\/www.wildix.com\/wp-content\/uploads\/2023\/03\/caritas-verein-vereinheitlicht-kommunikation-und-reduziert-kosten-Hausnotruf.jpg 1544w\" sizes=\"(max-width: 1024px) 100vw, 1024px\" \/><\/a>\n\t\t\t<\/div><\/figure><figure class='gallery-item'>\n\t\t\t<div class='gallery-icon landscape'>\n\t\t\t\t<a data-elementor-open-lightbox=\"yes\" data-elementor-lightbox-slideshow=\"19800741\" data-elementor-lightbox-title=\"caritas-verein-vereinheitlicht-kommunikation-und-reduziert-kosten-Zentrale-Durchsagen\" data-e-action-hash=\"#elementor-action%3Aaction%3Dlightbox%26settings%3DeyJpZCI6ODAyMDE5OCwidXJsIjoiaHR0cHM6XC9cL3d3dy53aWxkaXguY29tXC93cC1jb250ZW50XC91cGxvYWRzXC8yMDIzXC8wM1wvY2FyaXRhcy12ZXJlaW4tdmVyZWluaGVpdGxpY2h0LWtvbW11bmlrYXRpb24tdW5kLXJlZHV6aWVydC1rb3N0ZW4tWmVudHJhbGUtRHVyY2hzYWdlbi5qcGciLCJzbGlkZXNob3ciOiIxOTgwMDc0MSJ9\" href='https:\/\/www.wildix.com\/wp-content\/uploads\/2023\/03\/caritas-verein-vereinheitlicht-kommunikation-und-reduziert-kosten-Zentrale-Durchsagen.jpg'><img loading=\"lazy\" width=\"1024\" height=\"576\" src=\"https:\/\/www.wildix.com\/wp-content\/uploads\/2023\/03\/caritas-verein-vereinheitlicht-kommunikation-und-reduziert-kosten-Zentrale-Durchsagen-1024x576.jpg\" class=\"attachment-large size-large\" alt=\"Caritas-Verein vereinheitlicht Kommunikation und reduziert Kosten\" decoding=\"async\" srcset=\"https:\/\/www.wildix.com\/wp-content\/uploads\/2023\/03\/caritas-verein-vereinheitlicht-kommunikation-und-reduziert-kosten-Zentrale-Durchsagen-1024x576.jpg 1024w, https:\/\/www.wildix.com\/wp-content\/uploads\/2023\/03\/caritas-verein-vereinheitlicht-kommunikation-und-reduziert-kosten-Zentrale-Durchsagen-300x169.jpg 300w, https:\/\/www.wildix.com\/wp-content\/uploads\/2023\/03\/caritas-verein-vereinheitlicht-kommunikation-und-reduziert-kosten-Zentrale-Durchsagen-768x432.jpg 768w, https:\/\/www.wildix.com\/wp-content\/uploads\/2023\/03\/caritas-verein-vereinheitlicht-kommunikation-und-reduziert-kosten-Zentrale-Durchsagen-1536x864.jpg 1536w, https:\/\/www.wildix.com\/wp-content\/uploads\/2023\/03\/caritas-verein-vereinheitlicht-kommunikation-und-reduziert-kosten-Zentrale-Durchsagen.jpg 1920w\" sizes=\"(max-width: 1024px) 100vw, 1024px\" \/><\/a>\n\t\t\t<\/div><\/figure><figure class='gallery-item'>\n\t\t\t<div class='gallery-icon landscape'>\n\t\t\t\t<a data-elementor-open-lightbox=\"yes\" data-elementor-lightbox-slideshow=\"19800741\" data-elementor-lightbox-title=\"caritas-verein-vereinheitlicht-kommunikation-und-reduziert-kosten-Sip-Lautsprecher\" data-e-action-hash=\"#elementor-action%3Aaction%3Dlightbox%26settings%3DeyJpZCI6ODAyMDE5MSwidXJsIjoiaHR0cHM6XC9cL3d3dy53aWxkaXguY29tXC93cC1jb250ZW50XC91cGxvYWRzXC8yMDIzXC8wM1wvY2FyaXRhcy12ZXJlaW4tdmVyZWluaGVpdGxpY2h0LWtvbW11bmlrYXRpb24tdW5kLXJlZHV6aWVydC1rb3N0ZW4tU2lwLUxhdXRzcHJlY2hlci5qcGciLCJzbGlkZXNob3ciOiIxOTgwMDc0MSJ9\" href='https:\/\/www.wildix.com\/wp-content\/uploads\/2023\/03\/caritas-verein-vereinheitlicht-kommunikation-und-reduziert-kosten-Sip-Lautsprecher.jpg'><img loading=\"lazy\" width=\"1024\" height=\"576\" src=\"https:\/\/www.wildix.com\/wp-content\/uploads\/2023\/03\/caritas-verein-vereinheitlicht-kommunikation-und-reduziert-kosten-Sip-Lautsprecher-1024x576.jpg\" class=\"attachment-large size-large\" alt=\"Caritas-Verein vereinheitlicht Kommunikation und reduziert Kosten\" decoding=\"async\" srcset=\"https:\/\/www.wildix.com\/wp-content\/uploads\/2023\/03\/caritas-verein-vereinheitlicht-kommunikation-und-reduziert-kosten-Sip-Lautsprecher-1024x576.jpg 1024w, https:\/\/www.wildix.com\/wp-content\/uploads\/2023\/03\/caritas-verein-vereinheitlicht-kommunikation-und-reduziert-kosten-Sip-Lautsprecher-300x169.jpg 300w, https:\/\/www.wildix.com\/wp-content\/uploads\/2023\/03\/caritas-verein-vereinheitlicht-kommunikation-und-reduziert-kosten-Sip-Lautsprecher-768x432.jpg 768w, https:\/\/www.wildix.com\/wp-content\/uploads\/2023\/03\/caritas-verein-vereinheitlicht-kommunikation-und-reduziert-kosten-Sip-Lautsprecher-1536x864.jpg 1536w, https:\/\/www.wildix.com\/wp-content\/uploads\/2023\/03\/caritas-verein-vereinheitlicht-kommunikation-und-reduziert-kosten-Sip-Lautsprecher.jpg 1920w\" sizes=\"(max-width: 1024px) 100vw, 1024px\" \/><\/a>\n\t\t\t<\/div><\/figure>\n\t\t<\/div>\n\t\t<\/div>\n\t\t\t\t\t\t<\/div>\n\t\t\t\t<\/div>\n\t\t\t\t\t<\/div>\n\t\t<\/div>\n\t\t\t\t\t<\/div>\n\t\t<\/section>\n\t\t\t\t<section class=\"elementor-section elementor-top-section elementor-element elementor-element-5df37d97 elementor-section-boxed elementor-section-height-default elementor-section-height-default\" data-id=\"5df37d97\" data-element_type=\"section\" data-e-type=\"section\" data-settings=\"{&quot;jet_parallax_layout_list&quot;:[]}\">\n\t\t\t\t\t\t<div class=\"elementor-container elementor-column-gap-default\">\n\t\t\t\t\t<div class=\"elementor-column elementor-col-100 elementor-top-column elementor-element elementor-element-6921b565\" data-id=\"6921b565\" data-element_type=\"column\" data-e-type=\"column\">\n\t\t\t<div class=\"elementor-widget-wrap elementor-element-populated\">\n\t\t\t\t\t\t<div class=\"elementor-element elementor-element-8258f1d elementor-widget-divider--view-line elementor-widget elementor-widget-divider\" data-id=\"8258f1d\" data-element_type=\"widget\" data-e-type=\"widget\" data-widget_type=\"divider.default\">\n\t\t\t\t<div class=\"elementor-widget-container\">\n\t\t\t\t\t\t\t<div class=\"elementor-divider\">\n\t\t\t<span class=\"elementor-divider-separator\">\n\t\t\t\t\t\t<\/span>\n\t\t<\/div>\n\t\t\t\t\t\t<\/div>\n\t\t\t\t<\/div>\n\t\t\t\t<div class=\"elementor-element elementor-element-25eaa4a8 elementor-widget elementor-widget-heading\" data-id=\"25eaa4a8\" data-element_type=\"widget\" data-e-type=\"widget\" data-widget_type=\"heading.default\">\n\t\t\t\t<div class=\"elementor-widget-container\">\n\t\t\t\t\t<h2 class=\"elementor-heading-title elementor-size-default\">Dieses Kundenprojekt wird betreut von Wildix-Partner\n<\/h2>\t\t\t\t<\/div>\n\t\t\t\t<\/div>\n\t\t\t\t<section class=\"elementor-section elementor-inner-section elementor-element elementor-element-743085aa elementor-section-boxed elementor-section-height-default elementor-section-height-default\" data-id=\"743085aa\" data-element_type=\"section\" data-e-type=\"section\" data-settings=\"{&quot;jet_parallax_layout_list&quot;:[]}\">\n\t\t\t\t\t\t<div class=\"elementor-container elementor-column-gap-default\">\n\t\t\t\t\t<div class=\"elementor-column elementor-col-25 elementor-inner-column elementor-element elementor-element-fd7bb9b\" data-id=\"fd7bb9b\" data-element_type=\"column\" data-e-type=\"column\">\n\t\t\t<div class=\"elementor-widget-wrap\">\n\t\t\t\t\t\t\t<\/div>\n\t\t<\/div>\n\t\t\t\t<div class=\"elementor-column elementor-col-25 elementor-inner-column elementor-element elementor-element-386e7b6a\" data-id=\"386e7b6a\" data-element_type=\"column\" data-e-type=\"column\">\n\t\t\t<div class=\"elementor-widget-wrap elementor-element-populated\">\n\t\t\t\t\t\t<div class=\"elementor-element elementor-element-6d530f6 elementor-widget elementor-widget-image\" data-id=\"6d530f6\" data-element_type=\"widget\" data-e-type=\"widget\" data-widget_type=\"image.default\">\n\t\t\t\t<div class=\"elementor-widget-container\">\n\t\t\t\t\t\t\t\t\t\t\t\t\t\t\t<img loading=\"lazy\" decoding=\"async\" width=\"370\" height=\"120\" src=\"https:\/\/www.wildix.com\/wp-content\/uploads\/2023\/03\/fm-best-wildix-partner-1.jpeg\" class=\"attachment-large size-large wp-image-8020143\" alt=\"\" srcset=\"https:\/\/www.wildix.com\/wp-content\/uploads\/2023\/03\/fm-best-wildix-partner-1.jpeg 370w, https:\/\/www.wildix.com\/wp-content\/uploads\/2023\/03\/fm-best-wildix-partner-1-300x97.jpeg 300w\" sizes=\"(max-width: 370px) 100vw, 370px\" \/>\t\t\t\t\t\t\t\t\t\t\t\t\t\t\t<\/div>\n\t\t\t\t<\/div>\n\t\t\t\t\t<\/div>\n\t\t<\/div>\n\t\t\t\t<div class=\"elementor-column elementor-col-25 elementor-inner-column elementor-element elementor-element-70c5c6b1\" data-id=\"70c5c6b1\" data-element_type=\"column\" data-e-type=\"column\">\n\t\t\t<div class=\"elementor-widget-wrap elementor-element-populated\">\n\t\t\t\t\t\t<div class=\"elementor-element elementor-element-b53090a elementor-widget elementor-widget-text-editor\" data-id=\"b53090a\" data-element_type=\"widget\" data-e-type=\"widget\" data-widget_type=\"text-editor.default\">\n\t\t\t\t<div class=\"elementor-widget-container\">\n\t\t\t\t\t\t\t\t\t<strong>Fm best GmbH &amp; Co. KG<\/strong><\/br>\nHermann-Ehlers-Str. 6<\/br>\n26209 Hatten-Sandkrug<\/br>\nDeutschland<\/br>\n+49 (0) 441 361614 0<\/br>\n<a href=\"https:\/\/www.fmbest.de\/\" target=\"_blank\" rel=\"noopener\">fmbest.de<\/a>\t\t\t\t\t\t\t\t<\/div>\n\t\t\t\t<\/div>\n\t\t\t\t\t<\/div>\n\t\t<\/div>\n\t\t\t\t<div class=\"elementor-column elementor-col-25 elementor-inner-column elementor-element elementor-element-ce0e996\" data-id=\"ce0e996\" data-element_type=\"column\" data-e-type=\"column\">\n\t\t\t<div class=\"elementor-widget-wrap\">\n\t\t\t\t\t\t\t<\/div>\n\t\t<\/div>\n\t\t\t\t\t<\/div>\n\t\t<\/section>\n\t\t\t\t<div class=\"elementor-element elementor-element-e9f9c82 elementor-widget-divider--view-line elementor-widget elementor-widget-divider\" data-id=\"e9f9c82\" data-element_type=\"widget\" data-e-type=\"widget\" data-widget_type=\"divider.default\">\n\t\t\t\t<div class=\"elementor-widget-container\">\n\t\t\t\t\t\t\t<div class=\"elementor-divider\">\n\t\t\t<span class=\"elementor-divider-separator\">\n\t\t\t\t\t\t<\/span>\n\t\t<\/div>\n\t\t\t\t\t\t<\/div>\n\t\t\t\t<\/div>\n\t\t\t\t\t<\/div>\n\t\t<\/div>\n\t\t\t\t\t<\/div>\n\t\t<\/section>\n\t\t\t\t<\/div>\n\t\t","protected":false},"excerpt":{"rendered":"<p>Dank des Wildix Systems verschlankt der Caritas-Verein die Kommunikation und reduziert die Kosten Der Caritas-Verein Altenoythe e.V. hat es sich zur Aufgabe gemacht, eine gleichberechtigte Teilhabe aller in der Gesellschaft zu realisieren. Dies umfasst unter anderem eine F\u00f6rderschule und eine Tagesbildungsst\u00e4tte, aber auch die Bereiche Wohnen, hilfsmedizinische Angebote und Arbeiten. Unter dem Motto \u201cEinfach Mensch [&hellip;]<\/p>\n","protected":false},"featured_media":8057242,"template":"","meta":{"_acf_changed":false,"site-sidebar-layout":"no-sidebar","site-content-layout":"page-builder","ast-site-content-layout":"full-width-container","site-content-style":"unboxed","site-sidebar-style":"unboxed","ast-global-header-display":"","ast-banner-title-visibility":"","ast-main-header-display":"","ast-hfb-above-header-display":"","ast-hfb-below-header-display":"","ast-hfb-mobile-header-display":"","site-post-title":"disabled","ast-breadcrumbs-content":"","ast-featured-img":"disabled","footer-sml-layout":"","ast-disable-related-posts":"","theme-transparent-header-meta":"","adv-header-id-meta":"","stick-header-meta":"","header-above-stick-meta":"","header-main-stick-meta":"","header-below-stick-meta":"","astra-migrate-meta-layouts":"set","ast-page-background-enabled":"default","ast-page-background-meta":{"desktop":{"background-color":"var(--ast-global-color-4)","background-image":"","background-repeat":"repeat","background-position":"center center","background-size":"auto","background-attachment":"scroll","background-type":"","background-media":"","overlay-type":"","overlay-color":"","overlay-opacity":"","overlay-gradient":""},"tablet":{"background-color":"","background-image":"","background-repeat":"repeat","background-position":"center center","background-size":"auto","background-attachment":"scroll","background-type":"","background-media":"","overlay-type":"","overlay-color":"","overlay-opacity":"","overlay-gradient":""},"mobile":{"background-color":"","background-image":"","background-repeat":"repeat","background-position":"center center","background-size":"auto","background-attachment":"scroll","background-type":"","background-media":"","overlay-type":"","overlay-color":"","overlay-opacity":"","overlay-gradient":""}},"ast-content-background-meta":{"desktop":{"background-color":"var(--ast-global-color-5)","background-image":"","background-repeat":"repeat","background-position":"center center","background-size":"auto","background-attachment":"scroll","background-type":"","background-media":"","overlay-type":"","overlay-color":"","overlay-opacity":"","overlay-gradient":""},"tablet":{"background-color":"var(--ast-global-color-5)","background-image":"","background-repeat":"repeat","background-position":"center center","background-size":"auto","background-attachment":"scroll","background-type":"","background-media":"","overlay-type":"","overlay-color":"","overlay-opacity":"","overlay-gradient":""},"mobile":{"background-color":"var(--ast-global-color-5)","background-image":"","background-repeat":"repeat","background-position":"center center","background-size":"auto","background-attachment":"scroll","background-type":"","background-media":"","overlay-type":"","overlay-color":"","overlay-opacity":"","overlay-gradient":""}},"_jet_sm_ready_style":"","_jet_sm_style":"","_jet_sm_controls_values":"","_jet_sm_fonts_collection":"","_jet_sm_fonts_links":"","footnotes":""},"case_study_industry":[1756],"case_study_region":[882],"case_study_size":[891],"class_list":["post-8020123","case-studies","type-case-studies","status-publish","has-post-thumbnail","hentry","case_study_industry-social-public-services-de","case_study_region-dach-de","case_study_size-250-500-de"],"acf":[],"yoast_head":"<!-- This site is optimized with the Yoast SEO plugin v27.4 - https:\/\/yoast.com\/product\/yoast-seo-wordpress\/ -->\n<title>Caritas-Verein vereinheitlicht Kommunikation und reduziert Kosten | Wildix<\/title>\n<meta name=\"description\" content=\"Durch fm best verschlankt der Caritas-Verein Altenoythe e.V. mit Wildix die Kommunikation, integriert verschiedene Systeme und senkt gleichzeitig die Kosten\" \/>\n<meta name=\"robots\" content=\"index, follow, max-snippet:-1, max-image-preview:large, max-video-preview:-1\" \/>\n<meta property=\"og:locale\" content=\"de_DE\" \/>\n<meta property=\"og:type\" content=\"article\" \/>\n<meta property=\"og:title\" content=\"Caritas-Verein vereinheitlicht Kommunikation und reduziert Kosten | Wildix\" \/>\n<meta property=\"og:description\" content=\"Durch fm best verschlankt der Caritas-Verein Altenoythe e.V. mit Wildix die Kommunikation, integriert verschiedene Systeme und senkt gleichzeitig die Kosten\" \/>\n<meta property=\"og:url\" content=\"https:\/\/www.wildix.com\/de\/case-studies\/caritas-verein-vereinheitlicht-kommunikation-und-reduziert-kosten\/\" \/>\n<meta property=\"og:site_name\" content=\"Wildix\" \/>\n<meta property=\"article:publisher\" content=\"https:\/\/www.facebook.com\/groups\/wildixtechwizards\/?mibextid=6NoCDW\" \/>\n<meta property=\"article:modified_time\" content=\"2025-12-30T12:47:29+00:00\" \/>\n<meta property=\"og:image\" content=\"https:\/\/www.wildix.com\/wp-content\/uploads\/2023\/03\/Caritas-Verein-vereinheitlicht-Kommunikation-und-reduziert-Kosten.jpg\" \/>\n\t<meta property=\"og:image:width\" content=\"1200\" \/>\n\t<meta property=\"og:image:height\" content=\"630\" \/>\n\t<meta property=\"og:image:type\" content=\"image\/jpeg\" \/>\n<meta name=\"twitter:card\" content=\"summary_large_image\" \/>\n<meta name=\"twitter:image\" content=\"https:\/\/www.wildix.com\/wp-content\/uploads\/2023\/03\/Caritas-Verein-vereinheitlicht-Kommunikation-und-reduziert-Kosten.jpg\" \/>\n<meta name=\"twitter:site\" content=\"@wildix_\" \/>\n<meta name=\"twitter:label1\" content=\"Gesch\u00e4tzte Lesezeit\" \/>\n\t<meta name=\"twitter:data1\" content=\"7\u00a0Minuten\" \/>\n<!-- \/ Yoast SEO plugin. -->","yoast_head_json":{"title":"Caritas-Verein vereinheitlicht Kommunikation und reduziert Kosten | Wildix","description":"Durch fm best verschlankt der Caritas-Verein Altenoythe e.V. mit Wildix die Kommunikation, integriert verschiedene Systeme und senkt gleichzeitig die Kosten","robots":{"index":"index","follow":"follow","max-snippet":"max-snippet:-1","max-image-preview":"max-image-preview:large","max-video-preview":"max-video-preview:-1"},"og_locale":"de_DE","og_type":"article","og_title":"Caritas-Verein vereinheitlicht Kommunikation und reduziert Kosten | Wildix","og_description":"Durch fm best verschlankt der Caritas-Verein Altenoythe e.V. mit Wildix die Kommunikation, integriert verschiedene Systeme und senkt gleichzeitig die Kosten","og_url":"https:\/\/www.wildix.com\/de\/case-studies\/caritas-verein-vereinheitlicht-kommunikation-und-reduziert-kosten\/","og_site_name":"Wildix","article_publisher":"https:\/\/www.facebook.com\/groups\/wildixtechwizards\/?mibextid=6NoCDW","article_modified_time":"2025-12-30T12:47:29+00:00","og_image":[{"width":1200,"height":630,"url":"https:\/\/www.wildix.com\/wp-content\/uploads\/2023\/03\/Caritas-Verein-vereinheitlicht-Kommunikation-und-reduziert-Kosten.jpg","type":"image\/jpeg"}],"twitter_card":"summary_large_image","twitter_image":"https:\/\/www.wildix.com\/wp-content\/uploads\/2023\/03\/Caritas-Verein-vereinheitlicht-Kommunikation-und-reduziert-Kosten.jpg","twitter_site":"@wildix_","twitter_misc":{"Gesch\u00e4tzte Lesezeit":"7\u00a0Minuten"},"schema":{"@context":"https:\/\/schema.org","@graph":[{"@type":"WebPage","@id":"https:\/\/www.wildix.com\/de\/case-studies\/caritas-verein-vereinheitlicht-kommunikation-und-reduziert-kosten\/","url":"https:\/\/www.wildix.com\/de\/case-studies\/caritas-verein-vereinheitlicht-kommunikation-und-reduziert-kosten\/","name":"Caritas-Verein vereinheitlicht Kommunikation und reduziert Kosten | Wildix","isPartOf":{"@id":"https:\/\/www.wildix.com\/de\/#website"},"primaryImageOfPage":{"@id":"https:\/\/www.wildix.com\/de\/case-studies\/caritas-verein-vereinheitlicht-kommunikation-und-reduziert-kosten\/#primaryimage"},"image":{"@id":"https:\/\/www.wildix.com\/de\/case-studies\/caritas-verein-vereinheitlicht-kommunikation-und-reduziert-kosten\/#primaryimage"},"thumbnailUrl":"https:\/\/www.wildix.com\/wp-content\/uploads\/2023\/03\/Caritas-Verein-vereinheitlicht-Kommunikation-und-reduziert-Kosten.webp","datePublished":"2023-03-21T16:45:22+00:00","dateModified":"2025-12-30T12:47:29+00:00","description":"Durch fm best verschlankt der Caritas-Verein Altenoythe e.V. mit Wildix die Kommunikation, integriert verschiedene Systeme und senkt gleichzeitig die Kosten","breadcrumb":{"@id":"https:\/\/www.wildix.com\/de\/case-studies\/caritas-verein-vereinheitlicht-kommunikation-und-reduziert-kosten\/#breadcrumb"},"inLanguage":"de","potentialAction":[{"@type":"ReadAction","target":["https:\/\/www.wildix.com\/de\/case-studies\/caritas-verein-vereinheitlicht-kommunikation-und-reduziert-kosten\/"]}]},{"@type":"ImageObject","inLanguage":"de","@id":"https:\/\/www.wildix.com\/de\/case-studies\/caritas-verein-vereinheitlicht-kommunikation-und-reduziert-kosten\/#primaryimage","url":"https:\/\/www.wildix.com\/wp-content\/uploads\/2023\/03\/Caritas-Verein-vereinheitlicht-Kommunikation-und-reduziert-Kosten.webp","contentUrl":"https:\/\/www.wildix.com\/wp-content\/uploads\/2023\/03\/Caritas-Verein-vereinheitlicht-Kommunikation-und-reduziert-Kosten.webp","width":1200,"height":630,"caption":"Caritas-Verein vereinheitlicht Kommunikation und reduziert Kosten"},{"@type":"BreadcrumbList","@id":"https:\/\/www.wildix.com\/de\/case-studies\/caritas-verein-vereinheitlicht-kommunikation-und-reduziert-kosten\/#breadcrumb","itemListElement":[{"@type":"ListItem","position":1,"name":"Home","item":"https:\/\/www.wildix.com\/de\/"},{"@type":"ListItem","position":2,"name":"Case Studies","item":"https:\/\/www.wildix.com\/de\/case-studies\/"},{"@type":"ListItem","position":3,"name":"Caritas-Verein vereinheitlicht Kommunikation und reduziert\u00a0Kosten"}]},{"@type":"WebSite","@id":"https:\/\/www.wildix.com\/de\/#website","url":"https:\/\/www.wildix.com\/de\/","name":"Wildix","description":"","publisher":{"@id":"https:\/\/www.wildix.com\/de\/#organization"},"potentialAction":[{"@type":"SearchAction","target":{"@type":"EntryPoint","urlTemplate":"https:\/\/www.wildix.com\/de\/?s={search_term_string}"},"query-input":{"@type":"PropertyValueSpecification","valueRequired":true,"valueName":"search_term_string"}}],"inLanguage":"de"},{"@type":"Organization","@id":"https:\/\/www.wildix.com\/de\/#organization","name":"Wildix","url":"https:\/\/www.wildix.com\/de\/","logo":{"@type":"ImageObject","inLanguage":"de","@id":"https:\/\/www.wildix.com\/de\/#\/schema\/logo\/image\/","url":"https:\/\/www.wildix.com\/wp-content\/uploads\/2021\/09\/logo-1.svg","contentUrl":"https:\/\/www.wildix.com\/wp-content\/uploads\/2021\/09\/logo-1.svg","caption":"Wildix"},"image":{"@id":"https:\/\/www.wildix.com\/de\/#\/schema\/logo\/image\/"},"sameAs":["https:\/\/www.facebook.com\/groups\/wildixtechwizards\/?mibextid=6NoCDW","https:\/\/x.com\/wildix_"]}]}},"clean_content":"Dank des Wildix Systems verschlankt der Caritas-Verein die Kommunikation und reduziert die Kosten Der Caritas-Verein Altenoythe e.V. hat es sich zur Aufgabe gemacht, eine gleichberechtigte Teilhabe aller in der Gesellschaft zu realisieren. Dies umfasst unter anderem eine F\u00f6rderschule und eine Tagesbildungsst\u00e4tte, aber auch die Bereiche Wohnen, hilfsmedizinische Angebote und Arbeiten. Unter dem Motto \u201cEinfach Mensch sein\u201d integriert der Verein rund 2.000 Besch\u00e4ftigte, die teilweise auch von zu Hause abgeholt werden. Der Wirkungskreis des Vereins erstreckt sich auf die 13 Kommunen des Landkreises Cloppenburg. Gesucht: Standortvernetzung und Integrationsm\u00f6glichkeit Der Caritas-Verein Altenoythe e.V. ist eine Organisation, die sich f\u00fcr die Eingliederung aller in die Gesellschaft einsetzt. Darunter f\u00e4llt der Bildungsbereich \u2013 angefangen vom Kindergarten, \u00fcber die F\u00f6rderschule bis hin zu Tagesbildungsst\u00e4tten \u2013 und der Bereich \u2018Wohnen und VielfaltLEBEN\u2019. Andreas Wieborg, Vorstand Inhalte und P\u00e4dagogik beim Caritas-Verein Altenoythe e.V., erg\u00e4nzt weiter: \u201cAuch der Bereich \u2018Arbeiten\u2019, wo alle Angebote im Bereich Teilhabe am Arbeitsleben organisiert sind, geh\u00f6rt dazu und hilfsmedizinische Angebote wie Physiotherapie, Logop\u00e4die und Autismusambulanz.\u201d Die Gesch\u00e4ftsstelle befindet sich in Altenoythe, ein Gro\u00dfteil der Leistungen wird aber vor Ort in den 13 Kommunen des Landkreises Cloppenburg erbracht. Da viele dieser Standorte nach und nach dazu gekommen sind, gab es \u00fcberall unterschiedliche Telefonanlagen, die von unterschiedlichen Firmen betreut und nicht zentral gesteuert werden konnten. \u201cEs gab auch immer mehr Anforderungen von den Kollegen aus den Einrichtungen: Wir wollen zentrale Rufnummern haben\u201d, erinnert sich Andreas Emken, Abteilungsleiter IT beim Caritas-Verein. Daher machte er sich auf die Suche nach einer VoIP-Anlage, die diese Probleme l\u00f6sen konnte. Neben der Standortvernetzung war unter anderem wichtig, dass sich die Kommunikationsl\u00f6sung in unterschiedliche Systeme integrieren l\u00e4sst. Beispielsweise w\u00fcnschte sich eine Bewohnerin des Wohnheims f\u00fcr Menschen mit Autismus ein Hausnotruf-System des Deutschen Roten Kreuzes. Dieses Notrufsystem arbeitet allerdings mit analogen Signalen, welche nicht direkt von einer VoIP-Anlage verarbeitet werden k\u00f6nnen. Zudem sollte das DECT-System, welches in den Einrichtungen installiert war, beibehalten werden. Ein weiteres Problem mit der alten Telefonanlage war die Kostenstruktur. Daniel de Buhr, Systemadministrator beim Caritas-Verein Altenoythe e.V., erinnert sich an ein Beispiel zu Beginn der Corona-Pandemie, als der Caritas-Verein Stoffmasken n\u00e4hte: \u201cEs gab so einen gro\u00dfen Ansturm von Leuten, die gern Masken haben wollten, dass es telefonisch nicht mehr verarbeitet werden konnten.\u201d Es wurde eine Ansage geschaltet, dass die Bestellung per E-Mail eingereicht werden soll und wenn die Anrufer mit einem Mitarbeiter sprechen wollen, sollten sie die 1 dr\u00fccken. \u201cAllein das zu realisieren, hat mehrere tausend Euro gekostet.\u201d Gefunden: Ein zentrales Tool f\u00fcr die Anbindung aller Funktionen und Standorte Der zertifizierte Wildix Partner fm best stellte dem Caritas-Verein das Portfolio von Wildix vor und zeigte die M\u00f6glichkeiten auf, die diese Kommunikationsl\u00f6sung bietet. \u201cDavon waren wir sehr, sehr begeistert. Mein Kollege Daniel de Buhr und ich haben uns das vor Ort angeschaut. Als wir wieder auf die Autobahn gefahren sind, mussten wir am n\u00e4chsten Rastplatz erst mal runterfahren und f\u00fcr uns tief durchatmen, denn wir haben gesehen: Das ist Digitalisierung, so wie wir das wollen\u201d, beschreibt Andreas Emken seinen ersten Eindruck. Andreas Emken, Abteilungsleiter IT beim Caritas-Verein Seit 2021 nutzt der Caritas-Verein die Kommunikationsl\u00f6sung von Wildix und r\u00fcstet nach und nach mehr Bereiche und Standorte mit dem System aus. Innerhalb von vier Jahren sollen bis zu 500 Teilnehmer integriert werden. Durch die Standortvernetzung mit der Wildix Anlage ist nun eine zentrale Steuerung m\u00f6glich. Gleichzeitig sind die Kollegen unter einer zentralen Telefonnummer erreichbar \u2013 egal von wo aus sie arbeiten. Im Zuge der Umstellung der Telefonanlage wurde auch das Durchsagesystem im Kindergarten des Caritas-Vereins modernisiert. \u201cDas Problem ist, dass wir oft Ansagen standort\u00fcbergreifend machen m\u00fcssen. Um das zu realisieren, haben wir uns f\u00fcr SIP-Lautsprecher entschieden, die einfach wie ein Telefon in die Telefonanlage eingebunden werden k\u00f6nnen\u201d, erkl\u00e4rt Daniel de Buhr. So kann \u00fcber die Paging-Funktion der Telefonanlage eine Ansage auf alle Lautsprecher realisiert werden. Auch der gew\u00fcnschte Hausnotruf vom DRK im Wohnheim konnte mit dem Wildix-System realisiert werden. Die Bewohnerin tr\u00e4gt ein Armband mit einem Alarmknopf, der bei Bet\u00e4tigung ein Signal an eine Empf\u00e4ngerbox sendet, wodurch automatisch ein Notruf abgesetzt wird. Dieses analoge Signal wird \u00fcber ein FXS04 Media Gateway in ein SIP-Signal umgewandelt und an die Cloud-Anlage von Wildix weitergegeben. Mit fm best hat der Caritasverein zudem den f\u00fcr sie perfekten Partner gefunden. \u201cEs f\u00e4llt nicht jedem leicht, auf Menschen mit Behinderungen zuzugehen und sich auch mal in den Arm nehmen zu lassen\u201d, sagt Andreas Emken. Die Firma fm best kenne jedoch das Klientel und wisse damit umzugehen. Daher sei der Wildix Partner nicht nur aus technischer, sondern auch aus menschlicher Sicht der optimale Ansprechpartner. Daniel de Buhr erg\u00e4nzt dar\u00fcber hinaus: \u201cWenn es Probleme gibt, wo fm best nicht weiterkommt, ist der Wildix Tech Support sofort eingesprungen und hat mitgeholfen. Wir haben teilweise alle zusammen im Video Meeting gesessen und uns ein Problem angeschaut und sowas gibt\u2019s halt nicht viel.\u201d So konnten mit fm best bisher alle Fehler identifiziert und Probleme gel\u00f6st werden. Wildix schafft M\u00f6glichkeiten, die vorher unvorstellbar schienen \u201cWir haben aus IT-Sicht mittlerweile auf fast alle technischen Fragen oder Anforderungen, die an uns gestellt werden, eine gute Antwort\u201d, fasst Andreas Emken zusammen. Daniel de Buhr bekr\u00e4ftigt: \u201cWir haben mit der Wildix-Anlage inzwischen Sachen umgesetzt, die wir mit unserer alten Anlage einfach nie machen konnten, ohne horrende Lizenzgeb\u00fchren zu zahlen f\u00fcr irgendwelche Ansagen, die man speziell konvertiert hochladen musste oder so einen Bl\u00f6dsinn. Das funktioniert einfach.\u201d Eine sehr hilfreiche Integration sei beispielsweise die Zeiterfassung. \u201cWenn der Kollege sich morgens einstempelt, wird automatisch ein Signal an die Wildix-Anlage gesendet, dass dieser Kollege jetzt erreichbar ist und der Status springt automatisch auf gr\u00fcn\u201d, erkl\u00e4rt der Systemadministrator. Auch das Ticket-System in der IT-Abteilung konnte mit der Kommunikationsl\u00f6sung von Wildix effizienter gestaltet werden. Rund 60 Anrufe gehen an der Technik-Hotline jeden Tag ein. Diese Anrufe werden \u00fcber die Speech-To-Text-Option direkt an das Ticket-System \u00fcbergeben. \u201cDas hei\u00dft, jemand ruft an, dr\u00fcckt die 1, kann sein Anliegen vortragen und wir bekommen es direkt als E-Mail im Ticket-System\u201d, erkl\u00e4rt Daniel de Buhr. Damit hat die IT-Abteilung mehr Zeit, sich um die L\u00f6sung der Probleme statt nur um die Aufnahme der Anliegen zu k\u00fcmmern. \"Ich sch\u00e4tze die Wildix besonders daf\u00fcr, dass sie offen ist, dass ich auch fremde Systeme anbinden kann, dass die Administration besonders einfach ist, ein flaches Lizenzmodell vorhanden ist, wo man nicht jedes Mal horrende Summen f\u00fcr Kleinigkeiten bezahlen muss und sie einfach funktioniert\u201d, res\u00fcmiert Daniel de Buhr. Daniel de Buhr, Systemadministrator Caritas-Verein Altenoythe e.V. Anforderungen Standortvernetzung Zentrale Rufnummern Integration bestehender Hardware und Drittsoftware Erreichter Mehrwert Erreichbarkeit unter einer Rufnummer Effizienzsteigerung des IT-Ticketsystems Integration von Hausnotruf und Zeiterfassung Realisierung zentraler Durchsagen M\u00f6glichkeit zur Schritt-f\u00fcr-Schritt Erweiterung Kostenreduktion Einfache und individuelle Administrierbarkeit Dieses Kundenprojekt wird betreut von Wildix-Partner Fm best GmbH & Co. KG Hermann-Ehlers-Str. 6 26209 Hatten-Sandkrug Deutschland +49 (0) 441 361614 0 fmbest.de","clean_excerpt":"Dank des Wildix Systems verschlankt der Caritas-Verein die Kommunikation und reduziert die Kosten Der Caritas-Verein Altenoythe e.V. hat es sich zur Aufgabe gemacht, eine gleichberechtigte Teilhabe aller in der Gesellschaft zu realisieren. Dies umfasst unter anderem eine F\u00f6rderschule und eine Tagesbildungsst\u00e4tte, aber auch die Bereiche Wohnen, hilfsmedizinische Angebote und Arbeiten. Unter dem Motto \u201cEinfach Mensch...","_links":{"self":[{"href":"https:\/\/www.wildix.com\/de\/wp-json\/wp\/v2\/case-studies\/8020123","targetHints":{"allow":["GET"]}}],"collection":[{"href":"https:\/\/www.wildix.com\/de\/wp-json\/wp\/v2\/case-studies"}],"about":[{"href":"https:\/\/www.wildix.com\/de\/wp-json\/wp\/v2\/types\/case-studies"}],"version-history":[{"count":2,"href":"https:\/\/www.wildix.com\/de\/wp-json\/wp\/v2\/case-studies\/8020123\/revisions"}],"predecessor-version":[{"id":8178866,"href":"https:\/\/www.wildix.com\/de\/wp-json\/wp\/v2\/case-studies\/8020123\/revisions\/8178866"}],"wp:featuredmedia":[{"embeddable":true,"href":"https:\/\/www.wildix.com\/de\/wp-json\/wp\/v2\/media\/8057242"}],"wp:attachment":[{"href":"https:\/\/www.wildix.com\/de\/wp-json\/wp\/v2\/media?parent=8020123"}],"wp:term":[{"taxonomy":"case_study_industry","embeddable":true,"href":"https:\/\/www.wildix.com\/de\/wp-json\/wp\/v2\/case_study_industry?post=8020123"},{"taxonomy":"case_study_region","embeddable":true,"href":"https:\/\/www.wildix.com\/de\/wp-json\/wp\/v2\/case_study_region?post=8020123"},{"taxonomy":"case_study_size","embeddable":true,"href":"https:\/\/www.wildix.com\/de\/wp-json\/wp\/v2\/case_study_size?post=8020123"}],"curies":[{"name":"wp","href":"https:\/\/api.w.org\/{rel}","templated":true}]}}