{"id":7995423,"date":"2022-12-12T16:39:44","date_gmt":"2022-12-12T15:39:44","guid":{"rendered":"https:\/\/www.wildix.com\/?post_type=case-studies&#038;p=7995423"},"modified":"2026-02-06T15:02:04","modified_gmt":"2026-02-06T14:02:04","slug":"bistum-dresden-meissen-geht-mit-wildix-den-schritt-zu-mehr-flexibilitaet","status":"publish","type":"case-studies","link":"https:\/\/www.wildix.com\/de\/case-studies\/bistum-dresden-meissen-geht-mit-wildix-den-schritt-zu-mehr-flexibilitaet\/","title":{"rendered":"Bistum Dresden-Mei\u00dfen geht mit\u00a0Wildix den\u00a0Schritt zu\u00a0mehr\u00a0Flexibilit\u00e4t"},"content":{"rendered":"\t\t<div data-elementor-type=\"wp-post\" data-elementor-id=\"7995423\" class=\"elementor elementor-7995423\" data-elementor-post-type=\"case-studies\">\n\t\t\t\t\t\t<section class=\"elementor-section elementor-top-section elementor-element elementor-element-4d0498f5 elementor-section-boxed elementor-section-height-default elementor-section-height-default\" data-id=\"4d0498f5\" data-element_type=\"section\" data-e-type=\"section\" data-settings=\"{&quot;jet_parallax_layout_list&quot;:[]}\">\n\t\t\t\t\t\t<div class=\"elementor-container elementor-column-gap-default\">\n\t\t\t\t\t<div class=\"elementor-column elementor-col-100 elementor-top-column elementor-element elementor-element-1f7dbdfd\" data-id=\"1f7dbdfd\" data-element_type=\"column\" data-e-type=\"column\">\n\t\t\t<div class=\"elementor-widget-wrap elementor-element-populated\">\n\t\t\t\t\t\t<div class=\"elementor-element elementor-element-4d8ea541 elementor-widget elementor-widget-heading\" data-id=\"4d8ea541\" data-element_type=\"widget\" data-e-type=\"widget\" data-widget_type=\"heading.default\">\n\t\t\t\t<div class=\"elementor-widget-container\">\n\t\t\t\t\t<h2 class=\"elementor-heading-title elementor-size-default\">Das Bistum Dresden-Mei\u00dfen setzt auf das Kommunikationssystem von Wildix<\/h2>\t\t\t\t<\/div>\n\t\t\t\t<\/div>\n\t\t\t\t\t<\/div>\n\t\t<\/div>\n\t\t\t\t\t<\/div>\n\t\t<\/section>\n\t\t\t\t<section class=\"elementor-section elementor-top-section elementor-element elementor-element-6f669bf0 elementor-section-boxed elementor-section-height-default elementor-section-height-default\" data-id=\"6f669bf0\" data-element_type=\"section\" data-e-type=\"section\" data-settings=\"{&quot;jet_parallax_layout_list&quot;:[]}\">\n\t\t\t\t\t\t<div class=\"elementor-container elementor-column-gap-default\">\n\t\t\t\t\t<div class=\"elementor-column elementor-col-33 elementor-top-column elementor-element elementor-element-68b234be\" data-id=\"68b234be\" data-element_type=\"column\" data-e-type=\"column\">\n\t\t\t<div class=\"elementor-widget-wrap elementor-element-populated\">\n\t\t\t\t\t\t<div class=\"elementor-element elementor-element-7328441e elementor-widget elementor-widget-image\" data-id=\"7328441e\" data-element_type=\"widget\" data-e-type=\"widget\" data-widget_type=\"image.default\">\n\t\t\t\t<div class=\"elementor-widget-container\">\n\t\t\t\t\t\t\t\t\t\t\t\t\t\t\t<img decoding=\"async\" width=\"370\" height=\"120\" src=\"https:\/\/www.wildix.com\/wp-content\/uploads\/2022\/12\/bistum-dresden-meissen-logo.jpg\" class=\"attachment-large size-large wp-image-7995623\" alt=\"Bistum Dresden-Mei\u00dfen logo\" srcset=\"https:\/\/www.wildix.com\/wp-content\/uploads\/2022\/12\/bistum-dresden-meissen-logo.jpg 370w, https:\/\/www.wildix.com\/wp-content\/uploads\/2022\/12\/bistum-dresden-meissen-logo-300x97.jpg 300w\" sizes=\"(max-width: 370px) 100vw, 370px\" \/>\t\t\t\t\t\t\t\t\t\t\t\t\t\t\t<\/div>\n\t\t\t\t<\/div>\n\t\t\t\t\t<\/div>\n\t\t<\/div>\n\t\t\t\t<div class=\"elementor-column elementor-col-66 elementor-top-column elementor-element elementor-element-5777a45d\" data-id=\"5777a45d\" data-element_type=\"column\" data-e-type=\"column\">\n\t\t\t<div class=\"elementor-widget-wrap elementor-element-populated\">\n\t\t\t\t\t\t<div class=\"elementor-element elementor-element-443bffd5 elementor-widget elementor-widget-text-editor\" data-id=\"443bffd5\" data-element_type=\"widget\" data-e-type=\"widget\" data-widget_type=\"text-editor.default\">\n\t\t\t\t<div class=\"elementor-widget-container\">\n\t\t\t\t\t\t\t\t\tDas Bistum Dresden-Mei\u00dfen ist ein Verwaltungsgebiet der r\u00f6misch-katholischen Kirche, welches nahezu ganz Sachsen sowie einen Teil von Th\u00fcringen umfasst. Das urspr\u00fcngliche Bistum Mei\u00dfen wurde bereits 968 gegr\u00fcndet, zwischenzeitlich teilweise aufgel\u00f6st und umstrukturiert. Seit 1921 besteht es in der heutigen Form. Dass das Bistum im digitalen Zeitalter angekommen ist, belegt der Livestream einiger Gottesdienste aus der Kathedrale in Dresden oder der Propstei in Leipzig. Im Kern schafft das Bistum gemeinsam mit den \u00f6rtlichen Pfarreien die Rahmenbedingungen daf\u00fcr, den katholischen Glauben aktiv leben zu k\u00f6nnen. Dies umfasst neben der zentralen Verwaltung auch soziale Dienste wie den Caritasverband oder verschiedene Angebote f\u00fcr Kinder und Jugendliche und vieles mehr.\t\t\t\t\t\t\t\t<\/div>\n\t\t\t\t<\/div>\n\t\t\t\t\t<\/div>\n\t\t<\/div>\n\t\t\t\t\t<\/div>\n\t\t<\/section>\n\t\t\t\t<section class=\"elementor-section elementor-top-section elementor-element elementor-element-4a5d94a0 elementor-section-boxed elementor-section-height-default elementor-section-height-default\" data-id=\"4a5d94a0\" data-element_type=\"section\" data-e-type=\"section\" data-settings=\"{&quot;jet_parallax_layout_list&quot;:[]}\">\n\t\t\t\t\t\t<div class=\"elementor-container elementor-column-gap-default\">\n\t\t\t\t\t<div class=\"elementor-column elementor-col-100 elementor-top-column elementor-element elementor-element-73fd8743\" data-id=\"73fd8743\" data-element_type=\"column\" data-e-type=\"column\">\n\t\t\t<div class=\"elementor-widget-wrap elementor-element-populated\">\n\t\t\t\t\t\t<div class=\"elementor-element elementor-element-1e4e6e72 elementor-widget elementor-widget-heading\" data-id=\"1e4e6e72\" data-element_type=\"widget\" data-e-type=\"widget\" data-widget_type=\"heading.default\">\n\t\t\t\t<div class=\"elementor-widget-container\">\n\t\t\t\t\t<h3 class=\"elementor-heading-title elementor-size-default\">Das Problem<\/h3>\t\t\t\t<\/div>\n\t\t\t\t<\/div>\n\t\t\t\t\t<\/div>\n\t\t<\/div>\n\t\t\t\t\t<\/div>\n\t\t<\/section>\n\t\t\t\t<section class=\"elementor-section elementor-top-section elementor-element elementor-element-203d55c elementor-section-boxed elementor-section-height-default elementor-section-height-default\" data-id=\"203d55c\" data-element_type=\"section\" data-e-type=\"section\" data-settings=\"{&quot;jet_parallax_layout_list&quot;:[]}\">\n\t\t\t\t\t\t<div class=\"elementor-container elementor-column-gap-default\">\n\t\t\t\t\t<div class=\"elementor-column elementor-col-100 elementor-top-column elementor-element elementor-element-2590b169\" data-id=\"2590b169\" data-element_type=\"column\" data-e-type=\"column\">\n\t\t\t<div class=\"elementor-widget-wrap elementor-element-populated\">\n\t\t\t\t\t\t<div class=\"elementor-element elementor-element-7bb913d8 elementor-widget elementor-widget-text-editor\" data-id=\"7bb913d8\" data-element_type=\"widget\" data-e-type=\"widget\" data-widget_type=\"text-editor.default\">\n\t\t\t\t<div class=\"elementor-widget-container\">\n\t\t\t\t\t\t\t\t\t\u201cWir sind Kirche. Da ist die Kommunikation nat\u00fcrlich einer der entscheidenden Punkte. Wir stellen keine Schr\u00e4nke her oder Metallteile.\u201d Mit diesen Worten bringt Kay Gr\u00e4bert, Abteilungsleiter f\u00fcr Liegenschaften und Zentrale Dienste des Bistums Dresden-Mei\u00dfen die Bedeutung der Kommunikation f\u00fcr die Institution auf den Punkt. Da dies nicht nur den Schriftverkehr und den pers\u00f6nlichen Dialog betrifft, ist die Telefonanlage und das gesamte Kommunikationssystem ein wichtiger Baustein f\u00fcr die Arbeit der r\u00f6misch-katholischen Kirche. \u201cDie alte analoge Anlage war lange aus der Wartung heraus. Wir mussten handeln.\u201d Wichtig war dabei, die <strong>Prozesssicherheit zu gew\u00e4hrleisten<\/strong>, was \u00fcber eine VoIP-L\u00f6sung problemlos m\u00f6glich ist. \u201cWir brauchen nicht unendlich viele Feature, die Anlage muss vor allem <strong>zuverl\u00e4ssig funktionieren<\/strong>\u201d, stellt der Abteilungsleiter die Pr\u00e4misse klar. Zudem wurde eine <strong>einfache Administration<\/strong>, die <strong>Integrierbarkeit <\/strong> in die vorhandene IT-Infrastruktur, geringe Downzeit bei der Umstellung und eine m\u00f6glichst <strong>unkomplizierte<\/strong> Umgew\u00f6hnung f\u00fcr die Anwender gefordert. \t\t\t\t\t\t\t\t<\/div>\n\t\t\t\t<\/div>\n\t\t\t\t\t<\/div>\n\t\t<\/div>\n\t\t\t\t\t<\/div>\n\t\t<\/section>\n\t\t\t\t<section class=\"elementor-section elementor-top-section elementor-element elementor-element-27074672 elementor-section-boxed elementor-section-height-default elementor-section-height-default\" data-id=\"27074672\" data-element_type=\"section\" data-e-type=\"section\" data-settings=\"{&quot;jet_parallax_layout_list&quot;:[]}\">\n\t\t\t\t\t\t<div class=\"elementor-container elementor-column-gap-default\">\n\t\t\t\t\t<div class=\"elementor-column elementor-col-100 elementor-top-column elementor-element elementor-element-71474783\" data-id=\"71474783\" data-element_type=\"column\" data-e-type=\"column\">\n\t\t\t<div class=\"elementor-widget-wrap elementor-element-populated\">\n\t\t\t\t\t\t<div class=\"elementor-element elementor-element-21fdb19c elementor-widget elementor-widget-text-editor\" data-id=\"21fdb19c\" data-element_type=\"widget\" data-e-type=\"widget\" data-widget_type=\"text-editor.default\">\n\t\t\t\t<div class=\"elementor-widget-container\">\n\t\t\t\t\t\t\t\t\t\u201cF\u00fcr uns war zun\u00e4chst auch ein Thema, einen Dienstleister zu finden, der das mit und f\u00fcr uns macht \u2013 und zwar nicht nur in der Einrichtung, sondern auch sp\u00e4ter\u201d, betont Kay Gr\u00e4bert. Zur Wahl f\u00fcr das neue Telefonsystem standen \u201cdie \u00fcblichen Verd\u00e4chtigen\u201d wie Avaya und Unify \u2013 doch der gew\u00e4hlte Dienstleister Richter Telefon Technik hatte auch Wildix im Portfolio. \u201cWichtig neben dem Preis oder \u00e4hnliches waren uns bei der Wahl die <strong>Sicherheit der L\u00f6sung<\/strong> und dass man <strong>auf unsere W\u00fcnsche und Anforderungen eingeht<\/strong>.\u201d Einer der beiden anderen Anbieter sei beispielsweise bereits w\u00e4hrend der Angebotsphase nicht sehr responsiv gewesen, was f\u00fcr Kay Gr\u00e4bert ein KO-Kriterium war: \u201cDa haben wir uns schon \u00fcberlegt, wie dann der Support aussieht und ob wir das wollen.\u201d\n\t\t\t\t\t\t\t\t<\/div>\n\t\t\t\t<\/div>\n\t\t\t\t<div class=\"elementor-element elementor-element-6e6ed1e7 elementor-widget elementor-widget-heading\" data-id=\"6e6ed1e7\" data-element_type=\"widget\" data-e-type=\"widget\" data-widget_type=\"heading.default\">\n\t\t\t\t<div class=\"elementor-widget-container\">\n\t\t\t\t\t<h3 class=\"elementor-heading-title elementor-size-default\">Die L\u00f6sung<\/h3>\t\t\t\t<\/div>\n\t\t\t\t<\/div>\n\t\t\t\t<div class=\"elementor-element elementor-element-799bda65 elementor-widget elementor-widget-text-editor\" data-id=\"799bda65\" data-element_type=\"widget\" data-e-type=\"widget\" data-widget_type=\"text-editor.default\">\n\t\t\t\t<div class=\"elementor-widget-container\">\n\t\t\t\t\t\t\t\t\t\u201cBei Wildix hatten wir einfach ein gutes Gef\u00fchl. Vom Service her, von der Integrierbarkeit und von der Komplexit\u00e4t der Infrastruktur und Administrierung\u201d, fasst der Abteilungsleiter zusammen. Seit Fr\u00fchjahr 2020 ist das Kommunikationssystem von Wildix im Bistum Dresden-Mei\u00dfen mit rund 250 Lizenzen im Einsatz. \u201cUnser Vorteil war, dass wir die alte analoge Anlage parallel betreiben, also die neue Anlage auf IP aufbauen und derweil die alte Anlage weiter nutzen konnten\u201d, sagt Kay Gr\u00e4bert. Die Installation habe zudem wesentlich <strong>weniger Zeit in Anspruch genommen<\/strong>, als bef\u00fcrchtet.\t\t\t\t\t\t\t\t<\/div>\n\t\t\t\t<\/div>\n\t\t\t\t\t<\/div>\n\t\t<\/div>\n\t\t\t\t\t<\/div>\n\t\t<\/section>\n\t\t\t\t<section class=\"elementor-section elementor-top-section elementor-element elementor-element-459725e4 elementor-section-boxed elementor-section-height-default elementor-section-height-default\" data-id=\"459725e4\" data-element_type=\"section\" data-e-type=\"section\" data-settings=\"{&quot;jet_parallax_layout_list&quot;:[]}\">\n\t\t\t\t\t\t<div class=\"elementor-container elementor-column-gap-default\">\n\t\t\t\t\t<div class=\"elementor-column elementor-col-100 elementor-top-column elementor-element elementor-element-8ff3964\" data-id=\"8ff3964\" data-element_type=\"column\" data-e-type=\"column\">\n\t\t\t<div class=\"elementor-widget-wrap\">\n\t\t\t\t\t\t\t<\/div>\n\t\t<\/div>\n\t\t\t\t\t<\/div>\n\t\t<\/section>\n\t\t\t\t<section class=\"elementor-section elementor-top-section elementor-element elementor-element-3b4de7c8 elementor-section-boxed elementor-section-height-default elementor-section-height-default\" data-id=\"3b4de7c8\" data-element_type=\"section\" data-e-type=\"section\" data-settings=\"{&quot;jet_parallax_layout_list&quot;:[]}\">\n\t\t\t\t\t\t<div class=\"elementor-container elementor-column-gap-default\">\n\t\t\t\t\t<div class=\"elementor-column elementor-col-100 elementor-top-column elementor-element elementor-element-cc05064\" data-id=\"cc05064\" data-element_type=\"column\" data-e-type=\"column\">\n\t\t\t<div class=\"elementor-widget-wrap elementor-element-populated\">\n\t\t\t\t\t\t<div class=\"elementor-element elementor-element-19046ed0 elementor-widget elementor-widget-text-editor\" data-id=\"19046ed0\" data-element_type=\"widget\" data-e-type=\"widget\" data-widget_type=\"text-editor.default\">\n\t\t\t\t<div class=\"elementor-widget-container\">\n\t\t\t\t\t\t\t\t\tEine Herausforderung bei der Umstellung auf eine VoIP-Anlage schien die Kombination mit der Citrix-Umgebung, \u00fcber die auf den meisten Computern die typischen B\u00fcro-Applikationen laufen. Doch \u201cdie Wildix-Telefonanlage funktioniert gut in dieser <strong>Citrix-Landschaft<\/strong>.\u201d Das Kommunikationssystem beinhaltet bspw. auch <strong>T\u00fcrsprechstellen<\/strong>, beispielsweise zum B\u00fcro des Bischofs im Dresdner Schloss. \u201cWir haben T\u00fcrsprechstellen von 2N, aber die Wildix \u00fcbernimmt hier die Zentralfunktion. Wenn wir einen Besucher haben, der zum Bischof m\u00f6chte, landet ein Bild des Ankommenden auf dem Bildschirm der Telefone und die Sekret\u00e4rin kann \u00fcber den Computer die T\u00fcr und den Aufzug freigeben\u201d, zeigt Kay Gr\u00e4bert sich begeistert. Dies funktioniert nicht nur \u00fcber die Desktop-Anwendung, sondern auch von \u00fcberall aus \u00fcber die Mobile App. Durch <strong>unterschiedliche W\u00e4hlpl\u00e4ne und Routingvorgaben<\/strong> k\u00f6nnen zudem die Anrufe sehr gezielt gesteuert werden, sodass beispielsweise nicht jede Person von jedem jederzeit direkt angerufen werden kann.\t\t\t\t\t\t\t\t<\/div>\n\t\t\t\t<\/div>\n\t\t\t\t<div class=\"elementor-element elementor-element-32fa9443 elementor-widget elementor-widget-text-editor\" data-id=\"32fa9443\" data-element_type=\"widget\" data-e-type=\"widget\" data-widget_type=\"text-editor.default\">\n\t\t\t\t<div class=\"elementor-widget-container\">\n\t\t\t\t\t\t\t\t\t<div class=\"elementor-element elementor-element-7e7484c elementor-widget elementor-widget-text-editor\" data-id=\"7e7484c\" data-element_type=\"widget\" data-widget_type=\"text-editor.default\">\n<div class=\"elementor-widget-container\">\n<div class=\"elementor-text-editor elementor-clearfix\">\n<div class=\"wistia_responsive_padding\" style=\"padding: 56.25% 0 0 0; position: relative;\">\n<div class=\"wistia_responsive_wrapper\" style=\"height: 100%; left: 0; position: absolute; top: 0; width: 100%;\"><iframe class=\"wistia_embed\" title=\"Bistum Dresden-Mei\u00dfen geht mit Wildix den Schritt zu mehr Flexibilit\u00e4t\" src=\"https:\/\/fast.wistia.net\/embed\/iframe\/u3y31ps9l7?videoFoam=true\" name=\"wistia_embed\" width=\"100%\" height=\"100%\" frameborder=\"0\" scrolling=\"no\" allowfullscreen=\"allowfullscreen\"><\/iframe><\/div>\n<\/div>\n<\/div>\n<\/div>\n<\/div>\t\t\t\t\t\t\t\t<\/div>\n\t\t\t\t<\/div>\n\t\t\t\t<div class=\"elementor-element elementor-element-3b52c838 elementor-widget elementor-widget-text-editor\" data-id=\"3b52c838\" data-element_type=\"widget\" data-e-type=\"widget\" data-widget_type=\"text-editor.default\">\n\t\t\t\t<div class=\"elementor-widget-container\">\n\t\t\t\t\t\t\t\t\tDas Bistum Dresden-Mei\u00dfen nutzt historisch bedingt eine On-Premise-Anlage \u2013 ein mehrfach gesicherter Serverschrank im Keller, der feuerfest ist und im Zweifelsfall nach Entfernung der Kabel als Ganzes aus dem Geb\u00e4ude transportiert werden kann. Daher war ein wichtiges Kriterium die <strong>Gr\u00f6\u00dfe der Telefonanlage<\/strong>: \u201cEs macht schon einen Unterschied, ob ich ein zus\u00e4tzliches Bauteil im Server-Schrank unterbringen muss, um alle Anforderungen abzubilden, oder f\u00fcnf.\u201d\t\t\t\t\t\t\t\t<\/div>\n\t\t\t\t<\/div>\n\t\t\t\t\t<\/div>\n\t\t<\/div>\n\t\t\t\t\t<\/div>\n\t\t<\/section>\n\t\t\t\t<section class=\"elementor-section elementor-top-section elementor-element elementor-element-3f9f4031 elementor-section-boxed elementor-section-height-default elementor-section-height-default\" data-id=\"3f9f4031\" data-element_type=\"section\" data-e-type=\"section\" data-settings=\"{&quot;jet_parallax_layout_list&quot;:[]}\">\n\t\t\t\t\t\t<div class=\"elementor-container elementor-column-gap-default\">\n\t\t\t\t\t<div class=\"elementor-column elementor-col-100 elementor-top-column elementor-element elementor-element-3f579de0\" data-id=\"3f579de0\" data-element_type=\"column\" data-e-type=\"column\">\n\t\t\t<div class=\"elementor-widget-wrap elementor-element-populated\">\n\t\t\t\t\t\t<div class=\"elementor-element elementor-element-4b034019 elementor-widget elementor-widget-heading\" data-id=\"4b034019\" data-element_type=\"widget\" data-e-type=\"widget\" data-widget_type=\"heading.default\">\n\t\t\t\t<div class=\"elementor-widget-container\">\n\t\t\t\t\t<h3 class=\"elementor-heading-title elementor-size-default\">Das Ergebnis\n<\/h3>\t\t\t\t<\/div>\n\t\t\t\t<\/div>\n\t\t\t\t\t<\/div>\n\t\t<\/div>\n\t\t\t\t\t<\/div>\n\t\t<\/section>\n\t\t\t\t<section class=\"elementor-section elementor-top-section elementor-element elementor-element-4e97b623 elementor-section-boxed elementor-section-height-default elementor-section-height-default\" data-id=\"4e97b623\" data-element_type=\"section\" data-e-type=\"section\" data-settings=\"{&quot;jet_parallax_layout_list&quot;:[]}\">\n\t\t\t\t\t\t<div class=\"elementor-container elementor-column-gap-default\">\n\t\t\t\t\t<div class=\"elementor-column elementor-col-100 elementor-top-column elementor-element elementor-element-3686e01b\" data-id=\"3686e01b\" data-element_type=\"column\" data-e-type=\"column\">\n\t\t\t<div class=\"elementor-widget-wrap elementor-element-populated\">\n\t\t\t\t\t\t<div class=\"elementor-element elementor-element-14f645e2 elementor-widget elementor-widget-text-editor\" data-id=\"14f645e2\" data-element_type=\"widget\" data-e-type=\"widget\" data-widget_type=\"text-editor.default\">\n\t\t\t\t<div class=\"elementor-widget-container\">\n\t\t\t\t\t\t\t\t\t<p>\u201cAls wir auf die neue Anlage umgestiegen sind, sind wir davon ausgegangen, dass haupts\u00e4chlich die <strong>Tischtelefone <\/strong>genutzt werden. Durch Corona und das damit verbundene Homeoffice wurden allerdings auch die <strong>Web-Anwendung sowie die mobile App<\/strong> rege genutzt\u201d, stellt Kay Gr\u00e4bert einen vorab gar nicht einkalkulierten Vorteil der Wildix-Anlage heraus. F\u00fcr den Abteilungsleiter ist es ein klarer Pluspunkt, von \u00fcberall aus telefonieren, auf die Anrufverl\u00e4ufe und auch Kontaktverzeichnisse zugreifen zu k\u00f6nnen. \u201cWir sind <strong>sehr zufrieden mit der Qualit\u00e4t und der Stabilit\u00e4t<\/strong> der Anlage. Sie wurde in Betrieb genommen und funktioniert seitdem einwandfrei.\u201d<\/p>\t\t\t\t\t\t\t\t<\/div>\n\t\t\t\t<\/div>\n\t\t\t\t<div class=\"elementor-element elementor-element-2d93c348 elementor-widget elementor-widget-text-editor\" data-id=\"2d93c348\" data-element_type=\"widget\" data-e-type=\"widget\" data-widget_type=\"text-editor.default\">\n\t\t\t\t<div class=\"elementor-widget-container\">\n\t\t\t\t\t\t\t\t\t<p>Ein weiterer Vorteil der Wildix-L\u00f6sung ist die Single-Sign-On-Option. \u201cEs ist immer wichtig, dass die Mitarbeiter sich nicht viele Passw\u00f6rter merken m\u00fcssen. Daher ist es f\u00fcr uns eine wichtige und gute Eigenschaft, dass wir die <strong>Anlage in unsere Single-Sign-On-L\u00f6sung integrieren<\/strong> konnten\u201d, so Kay Gr\u00e4bert. Doch nicht nur nutzerseitig, sondern auch aus der IT-Sicht stellt das Wildix-System eine deutliche Verbesserung dar.<\/p>\t\t\t\t\t\t\t\t<\/div>\n\t\t\t\t<\/div>\n\t\t\t\t<div class=\"elementor-element elementor-element-11d0adb3 elementor-widget elementor-widget-text-editor\" data-id=\"11d0adb3\" data-element_type=\"widget\" data-e-type=\"widget\" data-widget_type=\"text-editor.default\">\n\t\t\t\t<div class=\"elementor-widget-container\">\n\t\t\t\t\t\t\t\t\t<p>Das hei\u00dft, wenn ein neuer Mitarbeiter dazu kam oder einer ausschied und selbst bei Namens\u00e4nderungen war das Bistum auf den externen Dienstleister angewiesen. \u201c<strong>Mit der Wildix-Anlage k\u00f6nnen wir 95% selber administrieren<\/strong>, die Einstellungen vornehmen, wie wir sie brauchen und m\u00fcssen nur 5% durch einen externen Dienstleister machen lassen.\u201d Dieser Umstand spare viele Ressourcen \u2013 zeitlich und finanziell.<\/p>\t\t\t\t\t\t\t\t<\/div>\n\t\t\t\t<\/div>\n\t\t\t\t<div class=\"elementor-element elementor-element-259729b elementor-widget elementor-widget-text-editor\" data-id=\"259729b\" data-element_type=\"widget\" data-e-type=\"widget\" data-widget_type=\"text-editor.default\">\n\t\t\t\t<div class=\"elementor-widget-container\">\n\t\t\t\t\t\t\t\t\t\u201cIch bin \u00fcberzeugt, dass wir uns mit Wildix f\u00fcr die richtige Anlage entschieden haben\u201d, res\u00fcmiert Kay Gr\u00e4bert.\t\t\t\t\t\t\t\t<\/div>\n\t\t\t\t<\/div>\n\t\t\t\t\t<\/div>\n\t\t<\/div>\n\t\t\t\t\t<\/div>\n\t\t<\/section>\n\t\t\t\t<section class=\"elementor-section elementor-top-section elementor-element elementor-element-50607f08 elementor-section-boxed elementor-section-height-default elementor-section-height-default\" data-id=\"50607f08\" data-element_type=\"section\" data-e-type=\"section\" data-settings=\"{&quot;jet_parallax_layout_list&quot;:[]}\">\n\t\t\t\t\t\t<div class=\"elementor-container elementor-column-gap-default\">\n\t\t\t\t\t<div class=\"elementor-column elementor-col-50 elementor-top-column elementor-element elementor-element-28d3b2d3\" data-id=\"28d3b2d3\" data-element_type=\"column\" data-e-type=\"column\">\n\t\t\t<div class=\"elementor-widget-wrap elementor-element-populated\">\n\t\t\t\t\t\t<div class=\"elementor-element elementor-element-5a76950b elementor-widget elementor-widget-heading\" data-id=\"5a76950b\" data-element_type=\"widget\" data-e-type=\"widget\" data-widget_type=\"heading.default\">\n\t\t\t\t<div class=\"elementor-widget-container\">\n\t\t\t\t\t<h3 class=\"elementor-heading-title elementor-size-default\">Anforderungen<\/h3>\t\t\t\t<\/div>\n\t\t\t\t<\/div>\n\t\t\t\t<div class=\"elementor-element elementor-element-6522769b elementor-widget elementor-widget-text-editor\" data-id=\"6522769b\" data-element_type=\"widget\" data-e-type=\"widget\" data-widget_type=\"text-editor.default\">\n\t\t\t\t<div class=\"elementor-widget-container\">\n\t\t\t\t\t\t\t\t\t<ul class=\"elementor-icon-list-items\">\n \t<li class=\"elementor-icon-list-item\"><i class=\"fas fa-angle-right\" aria-hidden=\"true\"><\/i><span class=\"elementor-icon-list-text\"> Integration der neuen VoIP-Anlage in die vorhandene IT-Infrastruktur<\/span><\/li>\n\n<li class=\"elementor-icon-list-item\"><i class=\"fas fa-angle-right\" aria-hidden=\"true\"><\/i><span class=\"elementor-icon-list-text\"> Einfachheit der Administration<\/span><\/li>\n\n<li class=\"elementor-icon-list-item\"><i class=\"fas fa-angle-right\" aria-hidden=\"true\"><\/i><span class=\"elementor-icon-list-text\">Citrix- und ERP-Integration<\/span><\/li>\n\n<li class=\"elementor-icon-list-item\"><i class=\"fas fa-angle-right\" aria-hidden=\"true\"><\/i><span class=\"elementor-icon-list-text\">Outlook-Integration<\/span><\/li>\n\n\n<li class=\"elementor-icon-list-item\"><i class=\"fas fa-angle-right\" aria-hidden=\"true\"><\/i><span class=\"elementor-icon-list-text\">Faxanbindung<\/span><\/li>\n<\/ul>\t\t\t\t\t\t\t\t<\/div>\n\t\t\t\t<\/div>\n\t\t\t\t\t<\/div>\n\t\t<\/div>\n\t\t\t\t<div class=\"elementor-column elementor-col-50 elementor-top-column elementor-element elementor-element-6155b1da\" data-id=\"6155b1da\" data-element_type=\"column\" data-e-type=\"column\">\n\t\t\t<div class=\"elementor-widget-wrap elementor-element-populated\">\n\t\t\t\t\t\t<div class=\"elementor-element elementor-element-3e57783c elementor-widget elementor-widget-heading\" data-id=\"3e57783c\" data-element_type=\"widget\" data-e-type=\"widget\" data-widget_type=\"heading.default\">\n\t\t\t\t<div class=\"elementor-widget-container\">\n\t\t\t\t\t<h3 class=\"elementor-heading-title elementor-size-default\">Erreichter Mehrwert<\/h3>\t\t\t\t<\/div>\n\t\t\t\t<\/div>\n\t\t\t\t<div class=\"elementor-element elementor-element-12a31e20 elementor-widget elementor-widget-text-editor\" data-id=\"12a31e20\" data-element_type=\"widget\" data-e-type=\"widget\" data-widget_type=\"text-editor.default\">\n\t\t\t\t<div class=\"elementor-widget-container\">\n\t\t\t\t\t\t\t\t\t<ul class=\"elementor-icon-list-items\">\n \t<li class=\"elementor-icon-list-item\"><i class=\"fas fa-angle-right\" aria-hidden=\"true\"><\/i><span class=\"elementor-icon-list-text\">Erreichbarkeit von \u00fcberall aus<\/span><\/li>\n \t<li class=\"elementor-icon-list-item\"><i class=\"fas fa-angle-right\" aria-hidden=\"true\"><\/i><span class=\"elementor-icon-list-text\">Stabile Telefonie<\/span><\/li>\n \t<li class=\"elementor-icon-list-item\"><i class=\"fas fa-angle-right\" aria-hidden=\"true\"><\/i><span class=\"elementor-icon-list-text\">Erh\u00f6hter Service und Individualisierbarkeit<\/span><\/li>\n \t<li class=\"elementor-icon-list-item\"><i class=\"fas fa-angle-right\" aria-hidden=\"true\"><\/i><span class=\"elementor-icon-list-text\">M\u00f6glichkeit der Eigenadministration<\/span><\/li>\n \t<li class=\"elementor-icon-list-item\"><i class=\"fas fa-angle-right\" aria-hidden=\"true\"><\/i><span class=\"elementor-icon-list-text\">Single-Sign-On<\/span><\/li>\n<li class=\"elementor-icon-list-item\"><i class=\"fas fa-angle-right\" aria-hidden=\"true\"><\/i><span class=\"elementor-icon-list-text\">Einbindung der T\u00fcrsprechanlagen<\/span><\/li>\n<\/ul>\t\t\t\t\t\t\t\t<\/div>\n\t\t\t\t<\/div>\n\t\t\t\t\t<\/div>\n\t\t<\/div>\n\t\t\t\t\t<\/div>\n\t\t<\/section>\n\t\t\t\t<section class=\"elementor-section elementor-top-section elementor-element elementor-element-28fa2ef9 elementor-section-boxed elementor-section-height-default elementor-section-height-default\" data-id=\"28fa2ef9\" data-element_type=\"section\" data-e-type=\"section\" data-settings=\"{&quot;jet_parallax_layout_list&quot;:[]}\">\n\t\t\t\t\t\t<div class=\"elementor-container elementor-column-gap-default\">\n\t\t\t\t\t<div class=\"elementor-column elementor-col-100 elementor-top-column elementor-element elementor-element-15046b0f\" data-id=\"15046b0f\" data-element_type=\"column\" data-e-type=\"column\">\n\t\t\t<div class=\"elementor-widget-wrap elementor-element-populated\">\n\t\t\t\t\t\t<div class=\"elementor-element elementor-element-5cd8621c gallery-spacing-custom elementor-widget elementor-widget-image-gallery\" data-id=\"5cd8621c\" data-element_type=\"widget\" data-e-type=\"widget\" data-widget_type=\"image-gallery.default\">\n\t\t\t\t<div class=\"elementor-widget-container\">\n\t\t\t\t\t\t\t<div class=\"elementor-image-gallery\">\n\t\t\t<div id='gallery-1' class='gallery galleryid-7995423 gallery-columns-2 gallery-size-large'><figure class='gallery-item'>\n\t\t\t<div class='gallery-icon landscape'>\n\t\t\t\t<a data-elementor-open-lightbox=\"yes\" data-elementor-lightbox-slideshow=\"5cd8621c\" data-elementor-lightbox-title=\"Bistum Dresden-Mei\u00dfen geht mit Wildix den Schritt zu mehr Flexibilit\u00e4t\" data-e-action-hash=\"#elementor-action%3Aaction%3Dlightbox%26settings%3DeyJpZCI6Nzk5NTQ5NywidXJsIjoiaHR0cHM6XC9cL3d3dy53aWxkaXguY29tXC93cC1jb250ZW50XC91cGxvYWRzXC8yMDIyXC8xMlwvQmlzdHVtXzAxLmpwZyIsInNsaWRlc2hvdyI6IjVjZDg2MjFjIn0%3D\" href='https:\/\/www.wildix.com\/wp-content\/uploads\/2022\/12\/Bistum_01.jpg'><img fetchpriority=\"high\" width=\"1024\" height=\"576\" src=\"https:\/\/www.wildix.com\/wp-content\/uploads\/2022\/12\/Bistum_01-1024x576.jpg\" class=\"attachment-large size-large\" alt=\"Bistum Dresden-Mei\u00dfen geht mit Wildix den Schritt zu mehr Flexibilit\u00e4t\" decoding=\"async\" srcset=\"https:\/\/www.wildix.com\/wp-content\/uploads\/2022\/12\/Bistum_01-1024x576.jpg 1024w, https:\/\/www.wildix.com\/wp-content\/uploads\/2022\/12\/Bistum_01-300x169.jpg 300w, https:\/\/www.wildix.com\/wp-content\/uploads\/2022\/12\/Bistum_01-768x432.jpg 768w, https:\/\/www.wildix.com\/wp-content\/uploads\/2022\/12\/Bistum_01-1536x864.jpg 1536w, https:\/\/www.wildix.com\/wp-content\/uploads\/2022\/12\/Bistum_01.jpg 1920w\" sizes=\"(max-width: 1024px) 100vw, 1024px\" \/><\/a>\n\t\t\t<\/div><\/figure><figure class='gallery-item'>\n\t\t\t<div class='gallery-icon landscape'>\n\t\t\t\t<a data-elementor-open-lightbox=\"yes\" data-elementor-lightbox-slideshow=\"5cd8621c\" data-elementor-lightbox-title=\"Bistum Dresden-Mei\u00dfen geht mit Wildix den Schritt zu mehr Flexibilit\u00e4t\" data-e-action-hash=\"#elementor-action%3Aaction%3Dlightbox%26settings%3DeyJpZCI6Nzk5NTUwNCwidXJsIjoiaHR0cHM6XC9cL3d3dy53aWxkaXguY29tXC93cC1jb250ZW50XC91cGxvYWRzXC8yMDIyXC8xMlwvQmlzdHVtXzAyLmpwZyIsInNsaWRlc2hvdyI6IjVjZDg2MjFjIn0%3D\" href='https:\/\/www.wildix.com\/wp-content\/uploads\/2022\/12\/Bistum_02.jpg'><img width=\"1024\" height=\"576\" src=\"https:\/\/www.wildix.com\/wp-content\/uploads\/2022\/12\/Bistum_02-1024x576.jpg\" class=\"attachment-large size-large\" alt=\"Bistum Dresden-Mei\u00dfen geht mit Wildix den Schritt zu mehr Flexibilit\u00e4t\" decoding=\"async\" srcset=\"https:\/\/www.wildix.com\/wp-content\/uploads\/2022\/12\/Bistum_02-1024x576.jpg 1024w, https:\/\/www.wildix.com\/wp-content\/uploads\/2022\/12\/Bistum_02-300x169.jpg 300w, https:\/\/www.wildix.com\/wp-content\/uploads\/2022\/12\/Bistum_02-768x432.jpg 768w, https:\/\/www.wildix.com\/wp-content\/uploads\/2022\/12\/Bistum_02-1536x864.jpg 1536w, https:\/\/www.wildix.com\/wp-content\/uploads\/2022\/12\/Bistum_02.jpg 1920w\" sizes=\"(max-width: 1024px) 100vw, 1024px\" \/><\/a>\n\t\t\t<\/div><\/figure><figure class='gallery-item'>\n\t\t\t<div class='gallery-icon landscape'>\n\t\t\t\t<a data-elementor-open-lightbox=\"yes\" data-elementor-lightbox-slideshow=\"5cd8621c\" data-elementor-lightbox-title=\"Bistum Dresden-Mei\u00dfen geht mit Wildix den Schritt zu mehr Flexibilit\u00e4t\" data-e-action-hash=\"#elementor-action%3Aaction%3Dlightbox%26settings%3DeyJpZCI6Nzk5NTYzMywidXJsIjoiaHR0cHM6XC9cL3d3dy53aWxkaXguY29tXC93cC1jb250ZW50XC91cGxvYWRzXC8yMDIyXC8xMlwvQmlzdHVtXzAzLTIuanBnIiwic2xpZGVzaG93IjoiNWNkODYyMWMifQ%3D%3D\" href='https:\/\/www.wildix.com\/wp-content\/uploads\/2022\/12\/Bistum_03-2.jpg'><img loading=\"lazy\" width=\"1024\" height=\"576\" src=\"https:\/\/www.wildix.com\/wp-content\/uploads\/2022\/12\/Bistum_03-2-1024x576.jpg\" class=\"attachment-large size-large\" alt=\"Bistum Dresden-Mei\u00dfen geht mit Wildix den Schritt zu mehr Flexibilit\u00e4t\" decoding=\"async\" srcset=\"https:\/\/www.wildix.com\/wp-content\/uploads\/2022\/12\/Bistum_03-2-1024x576.jpg 1024w, https:\/\/www.wildix.com\/wp-content\/uploads\/2022\/12\/Bistum_03-2-300x169.jpg 300w, https:\/\/www.wildix.com\/wp-content\/uploads\/2022\/12\/Bistum_03-2-768x432.jpg 768w, https:\/\/www.wildix.com\/wp-content\/uploads\/2022\/12\/Bistum_03-2-1536x864.jpg 1536w, https:\/\/www.wildix.com\/wp-content\/uploads\/2022\/12\/Bistum_03-2.jpg 1920w\" sizes=\"(max-width: 1024px) 100vw, 1024px\" \/><\/a>\n\t\t\t<\/div><\/figure><figure class='gallery-item'>\n\t\t\t<div class='gallery-icon landscape'>\n\t\t\t\t<a data-elementor-open-lightbox=\"yes\" data-elementor-lightbox-slideshow=\"5cd8621c\" data-elementor-lightbox-title=\"Bistum Dresden-Mei\u00dfen geht mit Wildix den Schritt zu mehr Flexibilit\u00e4t\" data-e-action-hash=\"#elementor-action%3Aaction%3Dlightbox%26settings%3DeyJpZCI6Nzk5NTQ5MCwidXJsIjoiaHR0cHM6XC9cL3d3dy53aWxkaXguY29tXC93cC1jb250ZW50XC91cGxvYWRzXC8yMDIyXC8xMlwvQmlzdHVtXzA1LmpwZyIsInNsaWRlc2hvdyI6IjVjZDg2MjFjIn0%3D\" href='https:\/\/www.wildix.com\/wp-content\/uploads\/2022\/12\/Bistum_05.jpg'><img loading=\"lazy\" width=\"1024\" height=\"576\" src=\"https:\/\/www.wildix.com\/wp-content\/uploads\/2022\/12\/Bistum_05-1024x576.jpg\" class=\"attachment-large size-large\" alt=\"Bistum Dresden-Mei\u00dfen geht mit Wildix den Schritt zu mehr Flexibilit\u00e4t\" decoding=\"async\" srcset=\"https:\/\/www.wildix.com\/wp-content\/uploads\/2022\/12\/Bistum_05-1024x576.jpg 1024w, https:\/\/www.wildix.com\/wp-content\/uploads\/2022\/12\/Bistum_05-300x169.jpg 300w, https:\/\/www.wildix.com\/wp-content\/uploads\/2022\/12\/Bistum_05-768x432.jpg 768w, https:\/\/www.wildix.com\/wp-content\/uploads\/2022\/12\/Bistum_05-1536x864.jpg 1536w, https:\/\/www.wildix.com\/wp-content\/uploads\/2022\/12\/Bistum_05.jpg 1920w\" sizes=\"(max-width: 1024px) 100vw, 1024px\" \/><\/a>\n\t\t\t<\/div><\/figure>\n\t\t<\/div>\n\t\t<\/div>\n\t\t\t\t\t\t<\/div>\n\t\t\t\t<\/div>\n\t\t\t\t\t<\/div>\n\t\t<\/div>\n\t\t\t\t\t<\/div>\n\t\t<\/section>\n\t\t\t\t<section class=\"elementor-section elementor-top-section elementor-element elementor-element-3a13a41 elementor-section-boxed elementor-section-height-default elementor-section-height-default\" data-id=\"3a13a41\" data-element_type=\"section\" data-e-type=\"section\" data-settings=\"{&quot;jet_parallax_layout_list&quot;:[]}\">\n\t\t\t\t\t\t<div class=\"elementor-container elementor-column-gap-default\">\n\t\t\t\t\t<div class=\"elementor-column elementor-col-100 elementor-top-column elementor-element elementor-element-691ac7f2\" data-id=\"691ac7f2\" data-element_type=\"column\" data-e-type=\"column\">\n\t\t\t<div class=\"elementor-widget-wrap elementor-element-populated\">\n\t\t\t\t\t\t<div class=\"elementor-element elementor-element-3326553a elementor-widget-divider--view-line elementor-widget elementor-widget-divider\" data-id=\"3326553a\" data-element_type=\"widget\" data-e-type=\"widget\" data-widget_type=\"divider.default\">\n\t\t\t\t<div class=\"elementor-widget-container\">\n\t\t\t\t\t\t\t<div class=\"elementor-divider\">\n\t\t\t<span class=\"elementor-divider-separator\">\n\t\t\t\t\t\t<\/span>\n\t\t<\/div>\n\t\t\t\t\t\t<\/div>\n\t\t\t\t<\/div>\n\t\t\t\t\t<\/div>\n\t\t<\/div>\n\t\t\t\t\t<\/div>\n\t\t<\/section>\n\t\t\t\t<section class=\"elementor-section elementor-top-section elementor-element elementor-element-78e2c374 elementor-section-boxed elementor-section-height-default elementor-section-height-default\" data-id=\"78e2c374\" data-element_type=\"section\" data-e-type=\"section\" data-settings=\"{&quot;jet_parallax_layout_list&quot;:[]}\">\n\t\t\t\t\t\t<div class=\"elementor-container elementor-column-gap-default\">\n\t\t\t\t\t<div class=\"elementor-column elementor-col-100 elementor-top-column elementor-element elementor-element-25818d66\" data-id=\"25818d66\" data-element_type=\"column\" data-e-type=\"column\">\n\t\t\t<div class=\"elementor-widget-wrap elementor-element-populated\">\n\t\t\t\t\t\t<div class=\"elementor-element elementor-element-23badd7 elementor-widget elementor-widget-heading\" data-id=\"23badd7\" data-element_type=\"widget\" data-e-type=\"widget\" data-widget_type=\"heading.default\">\n\t\t\t\t<div class=\"elementor-widget-container\">\n\t\t\t\t\t<h3 class=\"elementor-heading-title elementor-size-default\">Dieses Kundenprojekt wird betreut von Wildix-Partner\n<\/h3>\t\t\t\t<\/div>\n\t\t\t\t<\/div>\n\t\t\t\t\t<\/div>\n\t\t<\/div>\n\t\t\t\t\t<\/div>\n\t\t<\/section>\n\t\t\t\t<section class=\"elementor-section elementor-top-section elementor-element elementor-element-2aa736b0 elementor-section-boxed elementor-section-height-default elementor-section-height-default\" data-id=\"2aa736b0\" data-element_type=\"section\" data-e-type=\"section\" data-settings=\"{&quot;jet_parallax_layout_list&quot;:[]}\">\n\t\t\t\t\t\t<div class=\"elementor-container elementor-column-gap-default\">\n\t\t\t\t\t<div class=\"elementor-column elementor-col-25 elementor-top-column elementor-element elementor-element-3b7b7d2d\" data-id=\"3b7b7d2d\" data-element_type=\"column\" data-e-type=\"column\">\n\t\t\t<div class=\"elementor-widget-wrap\">\n\t\t\t\t\t\t\t<\/div>\n\t\t<\/div>\n\t\t\t\t<div class=\"elementor-column elementor-col-25 elementor-top-column elementor-element elementor-element-e7e6320\" data-id=\"e7e6320\" data-element_type=\"column\" data-e-type=\"column\">\n\t\t\t<div class=\"elementor-widget-wrap elementor-element-populated\">\n\t\t\t\t\t\t<div class=\"elementor-element elementor-element-3cabc382 elementor-widget elementor-widget-image\" data-id=\"3cabc382\" data-element_type=\"widget\" data-e-type=\"widget\" data-widget_type=\"image.default\">\n\t\t\t\t<div class=\"elementor-widget-container\">\n\t\t\t\t\t\t\t\t\t\t\t\t\t\t\t<img loading=\"lazy\" decoding=\"async\" width=\"370\" height=\"120\" src=\"https:\/\/www.wildix.com\/wp-content\/uploads\/2022\/12\/Richter-Telefon-Technik-logo.jpg\" class=\"attachment-large size-large wp-image-7995841\" alt=\"Richter - Telefon - Technik logo\" srcset=\"https:\/\/www.wildix.com\/wp-content\/uploads\/2022\/12\/Richter-Telefon-Technik-logo.jpg 370w, https:\/\/www.wildix.com\/wp-content\/uploads\/2022\/12\/Richter-Telefon-Technik-logo-300x97.jpg 300w\" sizes=\"(max-width: 370px) 100vw, 370px\" \/>\t\t\t\t\t\t\t\t\t\t\t\t\t\t\t<\/div>\n\t\t\t\t<\/div>\n\t\t\t\t\t<\/div>\n\t\t<\/div>\n\t\t\t\t<div class=\"elementor-column elementor-col-25 elementor-top-column elementor-element elementor-element-a099a81\" data-id=\"a099a81\" data-element_type=\"column\" data-e-type=\"column\">\n\t\t\t<div class=\"elementor-widget-wrap elementor-element-populated\">\n\t\t\t\t\t\t<div class=\"elementor-element elementor-element-58158006 elementor-widget elementor-widget-text-editor\" data-id=\"58158006\" data-element_type=\"widget\" data-e-type=\"widget\" data-widget_type=\"text-editor.default\">\n\t\t\t\t<div class=\"elementor-widget-container\">\n\t\t\t\t\t\t\t\t\t<strong>RICHTER-TELEFON-TECHNIK<\/strong><\/br>\nTittmannstra\u00dfe 17<\/br>\n01309 Dresden<\/br>\n+493513100445<\/br>\n<a href=\"https:\/\/www.r-t-t.de\/\" target=\"_blank\" rel=\"noopener\">r-t-t.de <\/a>\t\t\t\t\t\t\t\t<\/div>\n\t\t\t\t<\/div>\n\t\t\t\t\t<\/div>\n\t\t<\/div>\n\t\t\t\t<div class=\"elementor-column elementor-col-25 elementor-top-column elementor-element elementor-element-30cd418d\" data-id=\"30cd418d\" data-element_type=\"column\" data-e-type=\"column\">\n\t\t\t<div class=\"elementor-widget-wrap\">\n\t\t\t\t\t\t\t<\/div>\n\t\t<\/div>\n\t\t\t\t\t<\/div>\n\t\t<\/section>\n\t\t\t\t<section class=\"elementor-section elementor-top-section elementor-element elementor-element-79f4e936 elementor-section-boxed elementor-section-height-default elementor-section-height-default\" data-id=\"79f4e936\" data-element_type=\"section\" data-e-type=\"section\" data-settings=\"{&quot;jet_parallax_layout_list&quot;:[]}\">\n\t\t\t\t\t\t<div class=\"elementor-container elementor-column-gap-default\">\n\t\t\t\t\t<div class=\"elementor-column elementor-col-100 elementor-top-column elementor-element elementor-element-1f05632a\" data-id=\"1f05632a\" data-element_type=\"column\" data-e-type=\"column\">\n\t\t\t<div class=\"elementor-widget-wrap elementor-element-populated\">\n\t\t\t\t\t\t<div class=\"elementor-element elementor-element-7d96d0b elementor-widget-divider--view-line elementor-widget elementor-widget-divider\" data-id=\"7d96d0b\" data-element_type=\"widget\" data-e-type=\"widget\" data-widget_type=\"divider.default\">\n\t\t\t\t<div class=\"elementor-widget-container\">\n\t\t\t\t\t\t\t<div class=\"elementor-divider\">\n\t\t\t<span class=\"elementor-divider-separator\">\n\t\t\t\t\t\t<\/span>\n\t\t<\/div>\n\t\t\t\t\t\t<\/div>\n\t\t\t\t<\/div>\n\t\t\t\t\t<\/div>\n\t\t<\/div>\n\t\t\t\t\t<\/div>\n\t\t<\/section>\n\t\t\t\t<\/div>\n\t\t","protected":false},"excerpt":{"rendered":"<p>Das Bistum Dresden-Mei\u00dfen setzt auf das Kommunikationssystem von Wildix Das Bistum Dresden-Mei\u00dfen ist ein Verwaltungsgebiet der r\u00f6misch-katholischen Kirche, welches nahezu ganz Sachsen sowie einen Teil von Th\u00fcringen umfasst. Das urspr\u00fcngliche Bistum Mei\u00dfen wurde bereits 968 gegr\u00fcndet, zwischenzeitlich teilweise aufgel\u00f6st und umstrukturiert. Seit 1921 besteht es in der heutigen Form. Dass das Bistum im digitalen Zeitalter [&hellip;]<\/p>\n","protected":false},"featured_media":8057226,"template":"","meta":{"_acf_changed":false,"site-sidebar-layout":"no-sidebar","site-content-layout":"page-builder","ast-site-content-layout":"full-width-container","site-content-style":"unboxed","site-sidebar-style":"unboxed","ast-global-header-display":"","ast-banner-title-visibility":"","ast-main-header-display":"","ast-hfb-above-header-display":"","ast-hfb-below-header-display":"","ast-hfb-mobile-header-display":"","site-post-title":"disabled","ast-breadcrumbs-content":"","ast-featured-img":"disabled","footer-sml-layout":"","ast-disable-related-posts":"","theme-transparent-header-meta":"","adv-header-id-meta":"","stick-header-meta":"","header-above-stick-meta":"","header-main-stick-meta":"","header-below-stick-meta":"","astra-migrate-meta-layouts":"set","ast-page-background-enabled":"default","ast-page-background-meta":{"desktop":{"background-color":"var(--ast-global-color-4)","background-image":"","background-repeat":"repeat","background-position":"center center","background-size":"auto","background-attachment":"scroll","background-type":"","background-media":"","overlay-type":"","overlay-color":"","overlay-opacity":"","overlay-gradient":""},"tablet":{"background-color":"","background-image":"","background-repeat":"repeat","background-position":"center center","background-size":"auto","background-attachment":"scroll","background-type":"","background-media":"","overlay-type":"","overlay-color":"","overlay-opacity":"","overlay-gradient":""},"mobile":{"background-color":"","background-image":"","background-repeat":"repeat","background-position":"center center","background-size":"auto","background-attachment":"scroll","background-type":"","background-media":"","overlay-type":"","overlay-color":"","overlay-opacity":"","overlay-gradient":""}},"ast-content-background-meta":{"desktop":{"background-color":"var(--ast-global-color-5)","background-image":"","background-repeat":"repeat","background-position":"center center","background-size":"auto","background-attachment":"scroll","background-type":"","background-media":"","overlay-type":"","overlay-color":"","overlay-opacity":"","overlay-gradient":""},"tablet":{"background-color":"var(--ast-global-color-5)","background-image":"","background-repeat":"repeat","background-position":"center center","background-size":"auto","background-attachment":"scroll","background-type":"","background-media":"","overlay-type":"","overlay-color":"","overlay-opacity":"","overlay-gradient":""},"mobile":{"background-color":"var(--ast-global-color-5)","background-image":"","background-repeat":"repeat","background-position":"center center","background-size":"auto","background-attachment":"scroll","background-type":"","background-media":"","overlay-type":"","overlay-color":"","overlay-opacity":"","overlay-gradient":""}},"_jet_sm_ready_style":"","_jet_sm_style":"","_jet_sm_controls_values":"","_jet_sm_fonts_collection":"","_jet_sm_fonts_links":"","footnotes":""},"case_study_industry":[1756],"case_study_region":[882],"case_study_size":[890],"class_list":["post-7995423","case-studies","type-case-studies","status-publish","has-post-thumbnail","hentry","case_study_industry-social-public-services-de","case_study_region-dach-de","case_study_size-50-250-de"],"acf":[],"yoast_head":"<!-- This site is optimized with the Yoast SEO plugin v27.4 - https:\/\/yoast.com\/product\/yoast-seo-wordpress\/ -->\n<title>Bistum Dresden-Mei\u00dfen geht mit Wildix den Schritt zu mehr Flexibilit\u00e4t | Wildix<\/title>\n<meta name=\"description\" content=\"RICHTER-TELEFON-TECHNIK begleitet das Bistum Dresden-Mei\u00dfen auf dem Weg zur modernen Kommunikation durch den Einsatz der Wildix-L\u00f6sung\" \/>\n<meta name=\"robots\" content=\"index, follow, max-snippet:-1, max-image-preview:large, max-video-preview:-1\" \/>\n<meta property=\"og:locale\" content=\"de_DE\" \/>\n<meta property=\"og:type\" content=\"article\" \/>\n<meta property=\"og:title\" content=\"Bistum Dresden-Mei\u00dfen geht mit Wildix den Schritt zu mehr Flexibilit\u00e4t | Wildix\" \/>\n<meta property=\"og:description\" content=\"RICHTER-TELEFON-TECHNIK begleitet das Bistum Dresden-Mei\u00dfen auf dem Weg zur modernen Kommunikation durch den Einsatz der Wildix-L\u00f6sung\" \/>\n<meta property=\"og:url\" content=\"https:\/\/www.wildix.com\/de\/case-studies\/bistum-dresden-meissen-geht-mit-wildix-den-schritt-zu-mehr-flexibilitaet\/\" \/>\n<meta property=\"og:site_name\" content=\"Wildix\" \/>\n<meta property=\"article:publisher\" content=\"https:\/\/www.facebook.com\/groups\/wildixtechwizards\/?mibextid=6NoCDW\" \/>\n<meta property=\"article:modified_time\" content=\"2026-02-06T14:02:04+00:00\" \/>\n<meta property=\"og:image\" content=\"https:\/\/www.wildix.com\/wp-content\/uploads\/2022\/12\/Bistum-Dresden-Meisen-geht-mit-Wildix-den-Schritt-zu-mehr-Flexibilitat.jpg\" \/>\n\t<meta property=\"og:image:width\" content=\"1200\" \/>\n\t<meta property=\"og:image:height\" content=\"630\" \/>\n\t<meta property=\"og:image:type\" content=\"image\/jpeg\" \/>\n<meta name=\"twitter:card\" content=\"summary_large_image\" \/>\n<meta name=\"twitter:image\" content=\"https:\/\/www.wildix.com\/wp-content\/uploads\/2022\/12\/Bistum-Dresden-Meisen-geht-mit-Wildix-den-Schritt-zu-mehr-Flexibilitat.jpg\" \/>\n<meta name=\"twitter:site\" content=\"@wildix_\" \/>\n<meta name=\"twitter:label1\" content=\"Gesch\u00e4tzte Lesezeit\" \/>\n\t<meta name=\"twitter:data1\" content=\"6\u00a0Minuten\" \/>\n<!-- \/ Yoast SEO plugin. -->","yoast_head_json":{"title":"Bistum Dresden-Mei\u00dfen geht mit Wildix den Schritt zu mehr Flexibilit\u00e4t | Wildix","description":"RICHTER-TELEFON-TECHNIK begleitet das Bistum Dresden-Mei\u00dfen auf dem Weg zur modernen Kommunikation durch den Einsatz der Wildix-L\u00f6sung","robots":{"index":"index","follow":"follow","max-snippet":"max-snippet:-1","max-image-preview":"max-image-preview:large","max-video-preview":"max-video-preview:-1"},"og_locale":"de_DE","og_type":"article","og_title":"Bistum Dresden-Mei\u00dfen geht mit Wildix den Schritt zu mehr Flexibilit\u00e4t | Wildix","og_description":"RICHTER-TELEFON-TECHNIK begleitet das Bistum Dresden-Mei\u00dfen auf dem Weg zur modernen Kommunikation durch den Einsatz der Wildix-L\u00f6sung","og_url":"https:\/\/www.wildix.com\/de\/case-studies\/bistum-dresden-meissen-geht-mit-wildix-den-schritt-zu-mehr-flexibilitaet\/","og_site_name":"Wildix","article_publisher":"https:\/\/www.facebook.com\/groups\/wildixtechwizards\/?mibextid=6NoCDW","article_modified_time":"2026-02-06T14:02:04+00:00","og_image":[{"width":1200,"height":630,"url":"https:\/\/www.wildix.com\/wp-content\/uploads\/2022\/12\/Bistum-Dresden-Meisen-geht-mit-Wildix-den-Schritt-zu-mehr-Flexibilitat.jpg","type":"image\/jpeg"}],"twitter_card":"summary_large_image","twitter_image":"https:\/\/www.wildix.com\/wp-content\/uploads\/2022\/12\/Bistum-Dresden-Meisen-geht-mit-Wildix-den-Schritt-zu-mehr-Flexibilitat.jpg","twitter_site":"@wildix_","twitter_misc":{"Gesch\u00e4tzte Lesezeit":"6\u00a0Minuten"},"schema":{"@context":"https:\/\/schema.org","@graph":[{"@type":"WebPage","@id":"https:\/\/www.wildix.com\/de\/case-studies\/bistum-dresden-meissen-geht-mit-wildix-den-schritt-zu-mehr-flexibilitaet\/","url":"https:\/\/www.wildix.com\/de\/case-studies\/bistum-dresden-meissen-geht-mit-wildix-den-schritt-zu-mehr-flexibilitaet\/","name":"Bistum Dresden-Mei\u00dfen geht mit Wildix den Schritt zu mehr Flexibilit\u00e4t | Wildix","isPartOf":{"@id":"https:\/\/www.wildix.com\/de\/#website"},"primaryImageOfPage":{"@id":"https:\/\/www.wildix.com\/de\/case-studies\/bistum-dresden-meissen-geht-mit-wildix-den-schritt-zu-mehr-flexibilitaet\/#primaryimage"},"image":{"@id":"https:\/\/www.wildix.com\/de\/case-studies\/bistum-dresden-meissen-geht-mit-wildix-den-schritt-zu-mehr-flexibilitaet\/#primaryimage"},"thumbnailUrl":"https:\/\/www.wildix.com\/wp-content\/uploads\/2022\/12\/Bistum-Dresden-Meisen-geht-mit-Wildix-den-Schritt-zu-mehr-Flexibilitat.webp","datePublished":"2022-12-12T15:39:44+00:00","dateModified":"2026-02-06T14:02:04+00:00","description":"RICHTER-TELEFON-TECHNIK begleitet das Bistum Dresden-Mei\u00dfen auf dem Weg zur modernen Kommunikation durch den Einsatz der Wildix-L\u00f6sung","breadcrumb":{"@id":"https:\/\/www.wildix.com\/de\/case-studies\/bistum-dresden-meissen-geht-mit-wildix-den-schritt-zu-mehr-flexibilitaet\/#breadcrumb"},"inLanguage":"de","potentialAction":[{"@type":"ReadAction","target":["https:\/\/www.wildix.com\/de\/case-studies\/bistum-dresden-meissen-geht-mit-wildix-den-schritt-zu-mehr-flexibilitaet\/"]}]},{"@type":"ImageObject","inLanguage":"de","@id":"https:\/\/www.wildix.com\/de\/case-studies\/bistum-dresden-meissen-geht-mit-wildix-den-schritt-zu-mehr-flexibilitaet\/#primaryimage","url":"https:\/\/www.wildix.com\/wp-content\/uploads\/2022\/12\/Bistum-Dresden-Meisen-geht-mit-Wildix-den-Schritt-zu-mehr-Flexibilitat.webp","contentUrl":"https:\/\/www.wildix.com\/wp-content\/uploads\/2022\/12\/Bistum-Dresden-Meisen-geht-mit-Wildix-den-Schritt-zu-mehr-Flexibilitat.webp","width":1200,"height":630,"caption":"Bistum Dresden-Mei\u00dfen geht mit Wildix den Schritt zu mehr Flexibilit\u00e4t - Wildix case study"},{"@type":"BreadcrumbList","@id":"https:\/\/www.wildix.com\/de\/case-studies\/bistum-dresden-meissen-geht-mit-wildix-den-schritt-zu-mehr-flexibilitaet\/#breadcrumb","itemListElement":[{"@type":"ListItem","position":1,"name":"Home","item":"https:\/\/www.wildix.com\/de\/"},{"@type":"ListItem","position":2,"name":"Case Studies","item":"https:\/\/www.wildix.com\/de\/case-studies\/"},{"@type":"ListItem","position":3,"name":"Bistum Dresden-Mei\u00dfen geht mit\u00a0Wildix den\u00a0Schritt zu\u00a0mehr\u00a0Flexibilit\u00e4t"}]},{"@type":"WebSite","@id":"https:\/\/www.wildix.com\/de\/#website","url":"https:\/\/www.wildix.com\/de\/","name":"Wildix","description":"","publisher":{"@id":"https:\/\/www.wildix.com\/de\/#organization"},"potentialAction":[{"@type":"SearchAction","target":{"@type":"EntryPoint","urlTemplate":"https:\/\/www.wildix.com\/de\/?s={search_term_string}"},"query-input":{"@type":"PropertyValueSpecification","valueRequired":true,"valueName":"search_term_string"}}],"inLanguage":"de"},{"@type":"Organization","@id":"https:\/\/www.wildix.com\/de\/#organization","name":"Wildix","url":"https:\/\/www.wildix.com\/de\/","logo":{"@type":"ImageObject","inLanguage":"de","@id":"https:\/\/www.wildix.com\/de\/#\/schema\/logo\/image\/","url":"https:\/\/www.wildix.com\/wp-content\/uploads\/2021\/09\/logo-1.svg","contentUrl":"https:\/\/www.wildix.com\/wp-content\/uploads\/2021\/09\/logo-1.svg","caption":"Wildix"},"image":{"@id":"https:\/\/www.wildix.com\/de\/#\/schema\/logo\/image\/"},"sameAs":["https:\/\/www.facebook.com\/groups\/wildixtechwizards\/?mibextid=6NoCDW","https:\/\/x.com\/wildix_"]}]}},"clean_content":"Das Bistum Dresden-Mei\u00dfen setzt auf das Kommunikationssystem von Wildix Das Bistum Dresden-Mei\u00dfen ist ein Verwaltungsgebiet der r\u00f6misch-katholischen Kirche, welches nahezu ganz Sachsen sowie einen Teil von Th\u00fcringen umfasst. Das urspr\u00fcngliche Bistum Mei\u00dfen wurde bereits 968 gegr\u00fcndet, zwischenzeitlich teilweise aufgel\u00f6st und umstrukturiert. Seit 1921 besteht es in der heutigen Form. Dass das Bistum im digitalen Zeitalter angekommen ist, belegt der Livestream einiger Gottesdienste aus der Kathedrale in Dresden oder der Propstei in Leipzig. Im Kern schafft das Bistum gemeinsam mit den \u00f6rtlichen Pfarreien die Rahmenbedingungen daf\u00fcr, den katholischen Glauben aktiv leben zu k\u00f6nnen. Dies umfasst neben der zentralen Verwaltung auch soziale Dienste wie den Caritasverband oder verschiedene Angebote f\u00fcr Kinder und Jugendliche und vieles mehr. Das Problem \u201cWir sind Kirche. Da ist die Kommunikation nat\u00fcrlich einer der entscheidenden Punkte. Wir stellen keine Schr\u00e4nke her oder Metallteile.\u201d Mit diesen Worten bringt Kay Gr\u00e4bert, Abteilungsleiter f\u00fcr Liegenschaften und Zentrale Dienste des Bistums Dresden-Mei\u00dfen die Bedeutung der Kommunikation f\u00fcr die Institution auf den Punkt. Da dies nicht nur den Schriftverkehr und den pers\u00f6nlichen Dialog betrifft, ist die Telefonanlage und das gesamte Kommunikationssystem ein wichtiger Baustein f\u00fcr die Arbeit der r\u00f6misch-katholischen Kirche. \u201cDie alte analoge Anlage war lange aus der Wartung heraus. Wir mussten handeln.\u201d Wichtig war dabei, die Prozesssicherheit zu gew\u00e4hrleisten, was \u00fcber eine VoIP-L\u00f6sung problemlos m\u00f6glich ist. \u201cWir brauchen nicht unendlich viele Feature, die Anlage muss vor allem zuverl\u00e4ssig funktionieren\u201d, stellt der Abteilungsleiter die Pr\u00e4misse klar. Zudem wurde eine einfache Administration, die Integrierbarkeit in die vorhandene IT-Infrastruktur, geringe Downzeit bei der Umstellung und eine m\u00f6glichst unkomplizierte Umgew\u00f6hnung f\u00fcr die Anwender gefordert. \u201cF\u00fcr uns war zun\u00e4chst auch ein Thema, einen Dienstleister zu finden, der das mit und f\u00fcr uns macht \u2013 und zwar nicht nur in der Einrichtung, sondern auch sp\u00e4ter\u201d, betont Kay Gr\u00e4bert. Zur Wahl f\u00fcr das neue Telefonsystem standen \u201cdie \u00fcblichen Verd\u00e4chtigen\u201d wie Avaya und Unify \u2013 doch der gew\u00e4hlte Dienstleister Richter Telefon Technik hatte auch Wildix im Portfolio. \u201cWichtig neben dem Preis oder \u00e4hnliches waren uns bei der Wahl die Sicherheit der L\u00f6sung und dass man auf unsere W\u00fcnsche und Anforderungen eingeht.\u201d Einer der beiden anderen Anbieter sei beispielsweise bereits w\u00e4hrend der Angebotsphase nicht sehr responsiv gewesen, was f\u00fcr Kay Gr\u00e4bert ein KO-Kriterium war: \u201cDa haben wir uns schon \u00fcberlegt, wie dann der Support aussieht und ob wir das wollen.\u201d Die L\u00f6sung \u201cBei Wildix hatten wir einfach ein gutes Gef\u00fchl. Vom Service her, von der Integrierbarkeit und von der Komplexit\u00e4t der Infrastruktur und Administrierung\u201d, fasst der Abteilungsleiter zusammen. Seit Fr\u00fchjahr 2020 ist das Kommunikationssystem von Wildix im Bistum Dresden-Mei\u00dfen mit rund 250 Lizenzen im Einsatz. \u201cUnser Vorteil war, dass wir die alte analoge Anlage parallel betreiben, also die neue Anlage auf IP aufbauen und derweil die alte Anlage weiter nutzen konnten\u201d, sagt Kay Gr\u00e4bert. Die Installation habe zudem wesentlich weniger Zeit in Anspruch genommen, als bef\u00fcrchtet. Eine Herausforderung bei der Umstellung auf eine VoIP-Anlage schien die Kombination mit der Citrix-Umgebung, \u00fcber die auf den meisten Computern die typischen B\u00fcro-Applikationen laufen. Doch \u201cdie Wildix-Telefonanlage funktioniert gut in dieser Citrix-Landschaft.\u201d Das Kommunikationssystem beinhaltet bspw. auch T\u00fcrsprechstellen, beispielsweise zum B\u00fcro des Bischofs im Dresdner Schloss. \u201cWir haben T\u00fcrsprechstellen von 2N, aber die Wildix \u00fcbernimmt hier die Zentralfunktion. Wenn wir einen Besucher haben, der zum Bischof m\u00f6chte, landet ein Bild des Ankommenden auf dem Bildschirm der Telefone und die Sekret\u00e4rin kann \u00fcber den Computer die T\u00fcr und den Aufzug freigeben\u201d, zeigt Kay Gr\u00e4bert sich begeistert. Dies funktioniert nicht nur \u00fcber die Desktop-Anwendung, sondern auch von \u00fcberall aus \u00fcber die Mobile App. Durch unterschiedliche W\u00e4hlpl\u00e4ne und Routingvorgaben k\u00f6nnen zudem die Anrufe sehr gezielt gesteuert werden, sodass beispielsweise nicht jede Person von jedem jederzeit direkt angerufen werden kann. Das Bistum Dresden-Mei\u00dfen nutzt historisch bedingt eine On-Premise-Anlage \u2013 ein mehrfach gesicherter Serverschrank im Keller, der feuerfest ist und im Zweifelsfall nach Entfernung der Kabel als Ganzes aus dem Geb\u00e4ude transportiert werden kann. Daher war ein wichtiges Kriterium die Gr\u00f6\u00dfe der Telefonanlage: \u201cEs macht schon einen Unterschied, ob ich ein zus\u00e4tzliches Bauteil im Server-Schrank unterbringen muss, um alle Anforderungen abzubilden, oder f\u00fcnf.\u201d Das Ergebnis \u201cAls wir auf die neue Anlage umgestiegen sind, sind wir davon ausgegangen, dass haupts\u00e4chlich die Tischtelefone genutzt werden. Durch Corona und das damit verbundene Homeoffice wurden allerdings auch die Web-Anwendung sowie die mobile App rege genutzt\u201d, stellt Kay Gr\u00e4bert einen vorab gar nicht einkalkulierten Vorteil der Wildix-Anlage heraus. F\u00fcr den Abteilungsleiter ist es ein klarer Pluspunkt, von \u00fcberall aus telefonieren, auf die Anrufverl\u00e4ufe und auch Kontaktverzeichnisse zugreifen zu k\u00f6nnen. \u201cWir sind sehr zufrieden mit der Qualit\u00e4t und der Stabilit\u00e4t der Anlage. Sie wurde in Betrieb genommen und funktioniert seitdem einwandfrei.\u201d Ein weiterer Vorteil der Wildix-L\u00f6sung ist die Single-Sign-On-Option. \u201cEs ist immer wichtig, dass die Mitarbeiter sich nicht viele Passw\u00f6rter merken m\u00fcssen. Daher ist es f\u00fcr uns eine wichtige und gute Eigenschaft, dass wir die Anlage in unsere Single-Sign-On-L\u00f6sung integrieren konnten\u201d, so Kay Gr\u00e4bert. Doch nicht nur nutzerseitig, sondern auch aus der IT-Sicht stellt das Wildix-System eine deutliche Verbesserung dar. Das hei\u00dft, wenn ein neuer Mitarbeiter dazu kam oder einer ausschied und selbst bei Namens\u00e4nderungen war das Bistum auf den externen Dienstleister angewiesen. \u201cMit der Wildix-Anlage k\u00f6nnen wir 95% selber administrieren, die Einstellungen vornehmen, wie wir sie brauchen und m\u00fcssen nur 5% durch einen externen Dienstleister machen lassen.\u201d Dieser Umstand spare viele Ressourcen \u2013 zeitlich und finanziell. \u201cIch bin \u00fcberzeugt, dass wir uns mit Wildix f\u00fcr die richtige Anlage entschieden haben\u201d, res\u00fcmiert Kay Gr\u00e4bert. Anforderungen Integration der neuen VoIP-Anlage in die vorhandene IT-Infrastruktur Einfachheit der Administration Citrix- und ERP-Integration Outlook-Integration Faxanbindung Erreichter Mehrwert Erreichbarkeit von \u00fcberall aus Stabile Telefonie Erh\u00f6hter Service und Individualisierbarkeit M\u00f6glichkeit der Eigenadministration Single-Sign-On Einbindung der T\u00fcrsprechanlagen Dieses Kundenprojekt wird betreut von Wildix-Partner RICHTER-TELEFON-TECHNIK Tittmannstra\u00dfe 17 01309 Dresden +493513100445 r-t-t.de","clean_excerpt":"Das Bistum Dresden-Mei\u00dfen setzt auf das Kommunikationssystem von Wildix Das Bistum Dresden-Mei\u00dfen ist ein Verwaltungsgebiet der r\u00f6misch-katholischen Kirche, welches nahezu ganz Sachsen sowie einen Teil von Th\u00fcringen umfasst. Das urspr\u00fcngliche Bistum Mei\u00dfen wurde bereits 968 gegr\u00fcndet, zwischenzeitlich teilweise aufgel\u00f6st und umstrukturiert. Seit 1921 besteht es in der heutigen Form. Dass das Bistum im digitalen Zeitalter...","_links":{"self":[{"href":"https:\/\/www.wildix.com\/de\/wp-json\/wp\/v2\/case-studies\/7995423","targetHints":{"allow":["GET"]}}],"collection":[{"href":"https:\/\/www.wildix.com\/de\/wp-json\/wp\/v2\/case-studies"}],"about":[{"href":"https:\/\/www.wildix.com\/de\/wp-json\/wp\/v2\/types\/case-studies"}],"version-history":[{"count":5,"href":"https:\/\/www.wildix.com\/de\/wp-json\/wp\/v2\/case-studies\/7995423\/revisions"}],"predecessor-version":[{"id":8184492,"href":"https:\/\/www.wildix.com\/de\/wp-json\/wp\/v2\/case-studies\/7995423\/revisions\/8184492"}],"wp:featuredmedia":[{"embeddable":true,"href":"https:\/\/www.wildix.com\/de\/wp-json\/wp\/v2\/media\/8057226"}],"wp:attachment":[{"href":"https:\/\/www.wildix.com\/de\/wp-json\/wp\/v2\/media?parent=7995423"}],"wp:term":[{"taxonomy":"case_study_industry","embeddable":true,"href":"https:\/\/www.wildix.com\/de\/wp-json\/wp\/v2\/case_study_industry?post=7995423"},{"taxonomy":"case_study_region","embeddable":true,"href":"https:\/\/www.wildix.com\/de\/wp-json\/wp\/v2\/case_study_region?post=7995423"},{"taxonomy":"case_study_size","embeddable":true,"href":"https:\/\/www.wildix.com\/de\/wp-json\/wp\/v2\/case_study_size?post=7995423"}],"curies":[{"name":"wp","href":"https:\/\/api.w.org\/{rel}","templated":true}]}}